{"id":1377,"date":"2021-03-08T11:32:56","date_gmt":"2021-03-08T11:32:56","guid":{"rendered":"http:\/\/syss.hu\/?page_id=1377"},"modified":"2021-04-12T07:52:07","modified_gmt":"2021-04-12T07:52:07","slug":"kisterseg-domsod","status":"publish","type":"page","link":"https:\/\/tourinformrackeve.hu\/de\/?page_id=1377","title":{"rendered":"Umgebung-D\u00f6ms\u00f6d"},"content":{"rendered":"<p>[vc_row][vc_column][vc_empty_space][\/vc_column][\/vc_row][vc_row][vc_column][vc_custom_heading text=&#8221;Umgebung&#8221; font_container=&#8221;tag:h3|text_align:left&#8221;][\/vc_column][\/vc_row][vc_row][vc_column][vc_column_text]<\/p>\n<p style=\"text-align: center;\"><a href=\"https:\/\/tourinformrackeve.hu\/de\/?page_id=1430\">Als\u00f3n\u00e9medi<\/a>\u00a0\u2013\u00a0<a href=\"https:\/\/tourinformrackeve.hu\/de\/?page_id=1354\">Apaj\u00a0<\/a>\u2013\u00a0<a href=\"https:\/\/tourinformrackeve.hu\/de\/?page_id=1370\">\u00c1porka\u00a0<\/a>\u2013\u00a0<a href=\"https:\/\/tourinformrackeve.hu\/de\/?page_id=1431\">Bugyi<\/a>\u00a0\u2013\u00a0<a href=\"https:\/\/tourinformrackeve.hu\/de\/?page_id=1374\">D\u00e9legyh\u00e1za\u00a0<\/a>\u2013\u00a0<a href=\"https:\/\/tourinformrackeve.hu\/de\/?page_id=1377\">D\u00f6ms\u00f6d\u00a0<\/a>\u2013\u00a0<a href=\"https:\/\/tourinformrackeve.hu\/de\/?page_id=1381\">Dunaharaszti\u00a0<\/a>\u2013\u00a0<a href=\"https:\/\/tourinformrackeve.hu\/de\/?page_id=1384\">Dunavars\u00e1ny\u00a0<\/a>\u2013\u00a0<a href=\"https:\/\/tourinformrackeve.hu\/de\/?page_id=1387\">Hal\u00e1sztelek<\/a><br \/>\n<a href=\"https:\/\/tourinformrackeve.hu\/de\/?page_id=1390\">Kiskunlach\u00e1za\u00a0<\/a>\u2013\u00a0<a href=\"https:\/\/tourinformrackeve.hu\/de\/?page_id=1432\">Kulcs\u00a0<\/a>\u2013\u00a0<a href=\"https:\/\/tourinformrackeve.hu\/de\/?page_id=1393\">L\u00f3r\u00e9v<\/a>\u00a0\u2013\u00a0<a href=\"https:\/\/tourinformrackeve.hu\/de\/?page_id=1397\">Majosh\u00e1za<\/a>\u00a0\u2013\u00a0<a href=\"https:\/\/tourinformrackeve.hu\/de\/?page_id=1400\">Mak\u00e1d<\/a>\u00a0\u2013\u00a0<a href=\"https:\/\/tourinformrackeve.hu\/de\/?page_id=1433\">R\u00e1calm\u00e1s<\/a>\u00a0\u2013\u00a0<a href=\"https:\/\/tourinformrackeve.hu\/de\/?page_id=1403\">R\u00e1ckeve<\/a>\u00a0\u2013\u00a0<a href=\"https:\/\/tourinformrackeve.hu\/de\/?page_id=1406\">Szigetbecse<\/a>\u00a0\u2013\u00a0<a href=\"https:\/\/tourinformrackeve.hu\/de\/?page_id=1409\">Szigetcs\u00e9p<\/a><br \/>\n<a href=\"https:\/\/tourinformrackeve.hu\/de\/?page_id=1412\">Szigethalom<\/a>\u00a0\u2013\u00a0<a href=\"https:\/\/tourinformrackeve.hu\/de\/?page_id=1415\">Szigetszentm\u00e1rton<\/a>\u00a0\u2013\u00a0<a href=\"https:\/\/tourinformrackeve.hu\/de\/?page_id=1418\">Szigetszentmikl\u00f3s<\/a>\u00a0\u2013\u00a0<a href=\"https:\/\/tourinformrackeve.hu\/de\/?page_id=1421\">Sziget\u00fajfalu<\/a>\u00a0\u2013\u00a0<a href=\"https:\/\/tourinformrackeve.hu\/de\/?page_id=1424\">Taksony<\/a>\u00a0\u2013\u00a0<a href=\"https:\/\/tourinformrackeve.hu\/de\/?page_id=1427\">T\u00f6k\u00f6l<\/a><\/p>\n<p>[\/vc_column_text][\/vc_column][\/vc_row][vc_row][vc_column][vc_empty_space height=&#8221;62px&#8221;][\/vc_column][\/vc_row][vc_row][vc_column width=&#8221;2\/3&#8243;][vc_column_text]<\/p>\n<h3><span style=\"color: #d0103a;\">D\u00f6ms\u00f6d<\/span><\/h3>\n<p align=\"justify\">Liegt 50 km s\u00fcdlich von Budapest, an der linken Seite der Donau von R\u00e1ckeve. Nach D\u00f6ms\u00f6d fahren Busse, mit dem Auto ist die Siedlung von der Landstra\u00dfe Budapest-Kelebia zu erreichen. D\u00f6ms\u00f6d grenzt im S\u00fcden an Kiskunlach\u00e1za, im Osten an Apaj, im S\u00fcden an Tass und im Westen an den Donauzweig von R\u00e1ckeve.<\/p>\n<p><strong>Adresse der Selbstverwaltung:<\/strong><br \/>\n<strong>2344 D\u00f6ms\u00f6d, Pet\u0151fi t\u00e9r 6.<\/strong><br \/>\n<strong>Tel.\/Fax: (24) 435-102<\/strong><br \/>\n<strong>web:\u00a0<a href=\"http:\/\/www.domsod.hu\/\" target=\"_blank\" rel=\"noopener\">www.domsod.hu<\/a><\/strong>[\/vc_column_text][\/vc_column][vc_column width=&#8221;1\/3&#8243;][vc_empty_space height=&#8221;62px&#8221;][vc_single_image image=&#8221;1378&#8243; img_size=&#8221;full&#8221; alignment=&#8221;center&#8221;][\/vc_column][\/vc_row][vc_row][vc_column][vc_column_text]<\/p>\n<p align=\"justify\">Die heutige Siedlung entstand 1938 aus der Vereinigung von D\u00f6ms\u00f6d und Dab. Den Namen Dab finden wir das erste Mal in einer Urkunde von 1291. W\u00e4hrend der T\u00fcrkenzeiten blieb die Siedlung auch bewohnt, nach der Zur\u00fcckeroberung von Buda hei\u00dfen die Gutsherren R\u00e1day und Petrich. Der Landsitz geht 1785 auf die Familien Dab und R\u00e1day, 1877 an die Familie F\u00e1y r\u00fcber. Im 20. Jh. hat die Familie Haj\u00f3s den gr\u00f6\u00dften Landsitz in Dab.<br \/>\nVon der Landnahme an geh\u00f6rte D\u00f6ms\u00f6d und seine Umgebung zum Wohnsitz des F\u00fcrsten. Im Mittelalter geh\u00f6rte die Siedlung dem Gutsverwalter von Csepel. Die Siedlung wurde das erste Mal in der Urkunde von 1280 erw\u00e4hnt, K\u00f6nig Ladislaus nannte den Ort\u00a0<em>Gumseed<\/em>.<br \/>\nDie reformierte Kirche war bis zur ersten H\u00e4lfte des 18. Jh.-s katholisch, und basierte auf einer mittelalterlichen Kirche.<br \/>\nDie Gutsherren von D\u00f6ms\u00f6d lie\u00dfen die Krypta Haj\u00f3s nach dem Entwurf von Mikl\u00f3s Ybl bauen.<br \/>\nIn einem kleinadeligen Haus im Dorf lebte 1846\/47 die Familie Petrovics, einige H\u00e4user weiter ist das Pet\u0151fi Museum und Ausstellung. Am Ufer der Donau steht der Baum, der den gro\u00dfen ungarischen Dichter anr\u00fchrte.<br \/>\nMehrere K\u00fcnstler, Grafiker und Fotografen haben die Sch\u00f6nheit der Gegend verewigt.<br \/>\nIm Dorf leben viele volkst\u00fcmliche Kunstgewerbler, wie der Sattler, P\u00e9ter Ambruska, der Peitschenmacher, Benjamin B\u00e1bel, die Weberin, Csilla Kocsis und der Holzschnitzer, J\u00e1nos Kohl.<br \/>\nIn der Gegend kann man sowohl im Winter, als auch im Sommer sch\u00f6ne\u00a0 Wanderungen machen.<\/p>\n<p>[\/vc_column_text][\/vc_column][\/vc_row]<\/p>\n","protected":false},"excerpt":{"rendered":"<p>[vc_row][vc_column][vc_empty_space][\/vc_column][\/vc_row][vc_row][vc_column][vc_custom_heading text=&#8221;Umgebung&#8221; font_container=&#8221;tag:h3|text_align:left&#8221;][\/vc_column][\/vc_row][vc_row][vc_column][vc_column_text] Als\u00f3n\u00e9medi\u00a0\u2013\u00a0Apaj\u00a0\u2013\u00a0\u00c1porka\u00a0\u2013\u00a0Bugyi\u00a0\u2013\u00a0D\u00e9legyh\u00e1za\u00a0\u2013\u00a0D\u00f6ms\u00f6d\u00a0\u2013\u00a0Dunaharaszti\u00a0\u2013\u00a0Dunavars\u00e1ny\u00a0\u2013\u00a0Hal\u00e1sztelek Kiskunlach\u00e1za\u00a0\u2013\u00a0Kulcs\u00a0\u2013\u00a0L\u00f3r\u00e9v\u00a0\u2013\u00a0Majosh\u00e1za\u00a0\u2013\u00a0Mak\u00e1d\u00a0\u2013\u00a0R\u00e1calm\u00e1s\u00a0\u2013\u00a0R\u00e1ckeve\u00a0\u2013\u00a0Szigetbecse\u00a0\u2013\u00a0Szigetcs\u00e9p Szigethalom\u00a0\u2013\u00a0Szigetszentm\u00e1rton\u00a0\u2013\u00a0Szigetszentmikl\u00f3s\u00a0\u2013\u00a0Sziget\u00fajfalu\u00a0\u2013\u00a0Taksony\u00a0\u2013\u00a0T\u00f6k\u00f6l [\/vc_column_text][\/vc_column][\/vc_row][vc_row][vc_column][vc_empty_space height=&#8221;62px&#8221;][\/vc_column][\/vc_row][vc_row][vc_column width=&#8221;2\/3&#8243;][vc_column_text] D\u00f6ms\u00f6d Liegt 50 km s\u00fcdlich von Budapest, an der linken Seite der Donau von R\u00e1ckeve. Nach D\u00f6ms\u00f6d fahren Busse, mit dem Auto ist die Siedlung von der Landstra\u00dfe Budapest-Kelebia zu erreichen. D\u00f6ms\u00f6d grenzt im S\u00fcden an Kiskunlach\u00e1za, im Osten an Apaj, im S\u00fcden an Tass und<\/p>\n<a href=\"https:\/\/tourinformrackeve.hu\/de\/?page_id=1377\" class=\"sohohotel-more-link\">Read More<i class=\"fa fa-angle-right\"><\/i><\/a>","protected":false},"author":1,"featured_media":0,"parent":0,"menu_order":0,"comment_status":"closed","ping_status":"closed","template":"","meta":[],"_links":{"self":[{"href":"https:\/\/tourinformrackeve.hu\/de\/index.php?rest_route=\/wp\/v2\/pages\/1377"}],"collection":[{"href":"https:\/\/tourinformrackeve.hu\/de\/index.php?rest_route=\/wp\/v2\/pages"}],"about":[{"href":"https:\/\/tourinformrackeve.hu\/de\/index.php?rest_route=\/wp\/v2\/types\/page"}],"author":[{"embeddable":true,"href":"https:\/\/tourinformrackeve.hu\/de\/index.php?rest_route=\/wp\/v2\/users\/1"}],"replies":[{"embeddable":true,"href":"https:\/\/tourinformrackeve.hu\/de\/index.php?rest_route=%2Fwp%2Fv2%2Fcomments&post=1377"}],"version-history":[{"count":5,"href":"https:\/\/tourinformrackeve.hu\/de\/index.php?rest_route=\/wp\/v2\/pages\/1377\/revisions"}],"predecessor-version":[{"id":1838,"href":"https:\/\/tourinformrackeve.hu\/de\/index.php?rest_route=\/wp\/v2\/pages\/1377\/revisions\/1838"}],"wp:attachment":[{"href":"https:\/\/tourinformrackeve.hu\/de\/index.php?rest_route=%2Fwp%2Fv2%2Fmedia&parent=1377"}],"curies":[{"name":"wp","href":"https:\/\/api.w.org\/{rel}","templated":true}]}}