{"id":1432,"date":"2021-03-08T13:12:22","date_gmt":"2021-03-08T13:12:22","guid":{"rendered":"http:\/\/syss.hu\/?page_id=1432"},"modified":"2021-04-12T07:59:18","modified_gmt":"2021-04-12T07:59:18","slug":"kisterseg-kulcs","status":"publish","type":"page","link":"https:\/\/tourinformrackeve.hu\/de\/?page_id=1432","title":{"rendered":"Umgebung-Kulcs"},"content":{"rendered":"<p>[vc_row][vc_column][vc_empty_space][\/vc_column][\/vc_row][vc_row][vc_column][vc_custom_heading text=&#8221;Umgebung&#8221; font_container=&#8221;tag:h3|text_align:left&#8221;][\/vc_column][\/vc_row][vc_row][vc_column][vc_column_text]<\/p>\n<p style=\"text-align: center;\"><a href=\"https:\/\/tourinformrackeve.hu\/de\/?page_id=1430\">Als\u00f3n\u00e9medi<\/a>\u00a0\u2013\u00a0<a href=\"https:\/\/tourinformrackeve.hu\/de\/?page_id=1354\">Apaj\u00a0<\/a>\u2013\u00a0<a href=\"https:\/\/tourinformrackeve.hu\/de\/?page_id=1370\">\u00c1porka\u00a0<\/a>\u2013\u00a0<a href=\"https:\/\/tourinformrackeve.hu\/de\/?page_id=1431\">Bugyi<\/a>\u00a0\u2013\u00a0<a href=\"https:\/\/tourinformrackeve.hu\/de\/?page_id=1374\">D\u00e9legyh\u00e1za\u00a0<\/a>\u2013\u00a0<a href=\"https:\/\/tourinformrackeve.hu\/de\/?page_id=1377\">D\u00f6ms\u00f6d\u00a0<\/a>\u2013\u00a0<a href=\"https:\/\/tourinformrackeve.hu\/de\/?page_id=1381\">Dunaharaszti\u00a0<\/a>\u2013\u00a0<a href=\"https:\/\/tourinformrackeve.hu\/de\/?page_id=1384\">Dunavars\u00e1ny\u00a0<\/a>\u2013\u00a0<a href=\"https:\/\/tourinformrackeve.hu\/de\/?page_id=1387\">Hal\u00e1sztelek<\/a><br \/>\n<a href=\"https:\/\/tourinformrackeve.hu\/de\/?page_id=1390\">Kiskunlach\u00e1za\u00a0<\/a>\u2013\u00a0<a href=\"https:\/\/tourinformrackeve.hu\/de\/?page_id=1432\">Kulcs\u00a0<\/a>\u2013\u00a0<a href=\"https:\/\/tourinformrackeve.hu\/de\/?page_id=1393\">L\u00f3r\u00e9v<\/a>\u00a0\u2013\u00a0<a href=\"https:\/\/tourinformrackeve.hu\/de\/?page_id=1397\">Majosh\u00e1za<\/a>\u00a0\u2013\u00a0<a href=\"https:\/\/tourinformrackeve.hu\/de\/?page_id=1400\">Mak\u00e1d<\/a>\u00a0\u2013\u00a0<a href=\"https:\/\/tourinformrackeve.hu\/de\/?page_id=1433\">R\u00e1calm\u00e1s<\/a>\u00a0\u2013\u00a0<a href=\"https:\/\/tourinformrackeve.hu\/de\/?page_id=1403\">R\u00e1ckeve<\/a>\u00a0\u2013\u00a0<a href=\"https:\/\/tourinformrackeve.hu\/de\/?page_id=1406\">Szigetbecse<\/a>\u00a0\u2013\u00a0<a href=\"https:\/\/tourinformrackeve.hu\/de\/?page_id=1409\">Szigetcs\u00e9p<\/a><br \/>\n<a href=\"https:\/\/tourinformrackeve.hu\/de\/?page_id=1412\">Szigethalom<\/a>\u00a0\u2013\u00a0<a href=\"https:\/\/tourinformrackeve.hu\/de\/?page_id=1415\">Szigetszentm\u00e1rton<\/a>\u00a0\u2013\u00a0<a href=\"https:\/\/tourinformrackeve.hu\/de\/?page_id=1418\">Szigetszentmikl\u00f3s<\/a>\u00a0\u2013\u00a0<a href=\"https:\/\/tourinformrackeve.hu\/de\/?page_id=1421\">Sziget\u00fajfalu<\/a>\u00a0\u2013\u00a0<a href=\"https:\/\/tourinformrackeve.hu\/de\/?page_id=1424\">Taksony<\/a>\u00a0\u2013\u00a0<a href=\"https:\/\/tourinformrackeve.hu\/de\/?page_id=1427\">T\u00f6k\u00f6l<\/a><\/p>\n<p>[\/vc_column_text][\/vc_column][\/vc_row][vc_row][vc_column][vc_empty_space height=&#8221;62px&#8221;][\/vc_column][\/vc_row][vc_row][vc_column width=&#8221;2\/3&#8243;][vc_column_text]<\/p>\n<h3><span style=\"color: #d0103a;\">Kulcs<\/span><\/h3>\n<p>Kulcs k\u00f6zs\u00e9g a Duna jobb oldal\u00e1n, a Csepel-sziget legals\u00f3 telep\u00fcl\u00e9s\u00e9vel, Mak\u00e1ddal szemk\u00f6zti oldalon helyezkedik el. R\u00e1calm\u00e1s \u00e9s Adony k\u00f6z\u00f6tt tal\u00e1lhat\u00f3. Duna\u00fajv\u00e1rost\u00f3l 15 km-re \u00e9szakra fekszik.<\/p>\n<p>&nbsp;<\/p>\n<p><strong>Kulcs K\u00f6zs\u00e9g Polg\u00e1rmesteri Hivatala<\/strong><br \/>\n2458 Kulcs, Kossuth Lajos utca 83.<br \/>\nTelefon: 25\/440-400<br \/>\nFax: 25\/509-080<br \/>\nE-mail: <a href=\"mailto:jegyzo@kulcs.hu\">jegyzo@kulcs.hu<\/a><br \/>\nHonlap: <a href=\"http:\/\/www.kulcs.eu\/\">www.kulcs.eu<\/a>[\/vc_column_text][\/vc_column][vc_column width=&#8221;1\/3&#8243;][vc_empty_space height=&#8221;62px&#8221;][vc_single_image image=&#8221;1666&#8243; img_size=&#8221;full&#8221; alignment=&#8221;center&#8221;][\/vc_column][\/vc_row][vc_row][vc_column][vc_column_text]Szent Istv\u00e1n kir\u00e1ly 1025-ben a Veszpr\u00e9m-v\u00f6lgyi ap\u00e1c\u00e1knak adta a mai Kulcs ter\u00fclet\u00e9n fekv\u0151 Sz\u00e1nt\u00f3 nev\u0171 helys\u00e9get. A tat\u00e1rj\u00e1r\u00e1s puszt\u00edt\u00e1sai ut\u00e1n ezt az elvadult helyet kir\u00e1lyi vad\u00e1szter\u00fcletk\u00e9nt tartott\u00e1k nyilv\u00e1n. 1352-ben Possassio Kulchegh\u00e1z \u2013 ez a K\u00e1roly R\u00f3bert \u00e1ltal kiadott alap\u00edt\u00f3lev\u00e9l a k\u00f6zs\u00e9g templom\u00e1nak kulcs\u00e1val azonos\u00edtotta a falu nev\u00e9t. 1688-ban a felszabad\u00edt\u00f3 h\u00e1bor\u00fak alatt, mint elpusztult, elhanyagolt falut eml\u00edtik.<\/p>\n<p>1750-ben \u201eDuna f\u00f6l\u00f6tt fekv\u0151 hegy h\u00e1tigh kutsi puszt\u00e1nak hegyiben-v\u00f6lgyiben lev\u0151 haraszt\u201d-k\u00e9nt \u00edrnak a k\u00f6rny\u00e9kr\u0151l \u00e9s 120 \u00e9vvel k\u00e9s\u0151bb is csak \u201epartos, szakad\u00e1sos ter\u00fclet\u201d-k\u00e9nt jellemzik.<\/p>\n<p>A 18. sz\u00e1zad utols\u00f3 \u00e9vtizedeiben nyarakat \u00e9s t\u00f6bb \u00e9vet t\u00f6lt\u00f6tt r\u00e1calm\u00e1s-kulcsi birtokain Jeszeniczei, majd Vadasi Jankovich (IV.) Mikl\u00f3s, a legjelent\u0151sebb birtokoscsal\u00e1d \u00f6r\u00f6k\u00f6se, akit kora m\u0171kedvel\u0151 tud\u00f3sk\u00e9nt ismert\u00fcnk.<\/p>\n<p>1828-ban R\u00e1calm\u00e1s Kulccsal 645 ad\u00f3z\u00f3t sz\u00e1ml\u00e1lt. K\u00fcl\u00f6n kulcsi adatot ritk\u00e1n tal\u00e1lni, ez\u00e9rt \u00e9rdekes 1856-b\u00f3l az, hogy a 3050 lakosb\u00f3l Daj\u00e1n 105, Kulcson 11 f\u0151 \u00e9lt. Nagyon lassan n\u00e9pes\u00fclt be a \u201epuszta\u201d. 70 \u00e9v m\u00falva n\u00e9pess\u00e9ge viszont a statisztik\u00e1ban m\u00e1r 449 f\u0151.<\/p>\n<p>Iparjog, c\u00e9htags\u00e1g is jellemz\u0151 volt 1872-ig. R\u00e1calm\u00e1s 10 malomhelyet k\u00e9rt 1867-ben a k\u00f6zleked\u00e9si minisztert\u0151l. Kulcs alatt egyr\u0151l besz\u00e9ltek az \u00f6regek a sz\u00e1zadfordul\u00f3 idej\u00e9b\u0151l.<\/p>\n<p>&nbsp;<\/p>\n<p>1928-ban m\u00e1r az ad\u00f3fizet\u0151k k\u00e9r\u00e9s\u00e9re a k\u00e9pvisel\u0151 test\u00fclet Kulcs f\u00fcrd\u0151telep n\u00e9vv\u00e1ltoztat\u00e1st kezdem\u00e9nyezte, hiszen folyamatosan j\u00f6ttek le Budapestr\u0151l a k\u00f6z\u00e9ppolg\u00e1rs\u00e1g k\u00e9pvisel\u0151i, \u00fcd\u00fcl\u0151k \u00e9p\u00fcltek, sportegyes\u00fclet, bar\u00e1ti k\u00f6r alakult. A szinte teljes \u00e1llatorvosi kar, Kotl\u00e1n S\u00e1ndor tan\u00e1r \u00fart\u00f3l, a vil\u00e1gh\u00edres parazitol\u00f3gust\u00f3l, J\u00e1rmai K\u00e1roly k\u00f3rboncnok professzort\u00f3l, Hut\u00ffra Ferenc, Gouth Gy. Endre, Maczis \u00c1rp\u00e1d, Manninger Rezs\u0151, Szepeshelyi Andor professzorokig t\u00f6lt\u00f6tt\u00e9k itt szabads\u00e1gukat.<\/p>\n<p>&nbsp;<\/p>\n<p>\u00daj id\u0151sz\u00e1m\u00edt\u00e1s a telep\u00fcl\u00e9s \u00e9let\u00e9ben az 1994. \u00e9vi n\u00e9pszavaz\u00e1s volt, melynek eredm\u00e9nyek\u00e9nt az 1994. december 11-\u00e9n tartott \u00f6nkorm\u00e1nyzati v\u00e1laszt\u00e1sokat k\u00f6vet\u0151en Kulcs k\u00f6zs\u00e9g k\u00f6zigazgat\u00e1silag k\u00fcl\u00f6nv\u00e1lt R\u00e1calm\u00e1s nagyk\u00f6zs\u00e9gt\u0151l.<\/p>\n<p>Ezt k\u00f6vet\u0151en Kulcs \u00f6n\u00e1ll\u00f3 k\u00f6zs\u00e9g.[\/vc_column_text][\/vc_column][\/vc_row]<\/p>\n","protected":false},"excerpt":{"rendered":"<p>[vc_row][vc_column][vc_empty_space][\/vc_column][\/vc_row][vc_row][vc_column][vc_custom_heading text=&#8221;Umgebung&#8221; font_container=&#8221;tag:h3|text_align:left&#8221;][\/vc_column][\/vc_row][vc_row][vc_column][vc_column_text] Als\u00f3n\u00e9medi\u00a0\u2013\u00a0Apaj\u00a0\u2013\u00a0\u00c1porka\u00a0\u2013\u00a0Bugyi\u00a0\u2013\u00a0D\u00e9legyh\u00e1za\u00a0\u2013\u00a0D\u00f6ms\u00f6d\u00a0\u2013\u00a0Dunaharaszti\u00a0\u2013\u00a0Dunavars\u00e1ny\u00a0\u2013\u00a0Hal\u00e1sztelek Kiskunlach\u00e1za\u00a0\u2013\u00a0Kulcs\u00a0\u2013\u00a0L\u00f3r\u00e9v\u00a0\u2013\u00a0Majosh\u00e1za\u00a0\u2013\u00a0Mak\u00e1d\u00a0\u2013\u00a0R\u00e1calm\u00e1s\u00a0\u2013\u00a0R\u00e1ckeve\u00a0\u2013\u00a0Szigetbecse\u00a0\u2013\u00a0Szigetcs\u00e9p Szigethalom\u00a0\u2013\u00a0Szigetszentm\u00e1rton\u00a0\u2013\u00a0Szigetszentmikl\u00f3s\u00a0\u2013\u00a0Sziget\u00fajfalu\u00a0\u2013\u00a0Taksony\u00a0\u2013\u00a0T\u00f6k\u00f6l [\/vc_column_text][\/vc_column][\/vc_row][vc_row][vc_column][vc_empty_space height=&#8221;62px&#8221;][\/vc_column][\/vc_row][vc_row][vc_column width=&#8221;2\/3&#8243;][vc_column_text] Kulcs Kulcs k\u00f6zs\u00e9g a Duna jobb oldal\u00e1n, a Csepel-sziget legals\u00f3 telep\u00fcl\u00e9s\u00e9vel, Mak\u00e1ddal szemk\u00f6zti oldalon helyezkedik el. R\u00e1calm\u00e1s \u00e9s Adony k\u00f6z\u00f6tt tal\u00e1lhat\u00f3. Duna\u00fajv\u00e1rost\u00f3l 15 km-re \u00e9szakra fekszik. &nbsp; Kulcs K\u00f6zs\u00e9g Polg\u00e1rmesteri Hivatala 2458 Kulcs, Kossuth Lajos utca 83. Telefon: 25\/440-400 Fax: 25\/509-080 E-mail: jegyzo@kulcs.hu Honlap: www.kulcs.eu[\/vc_column_text][\/vc_column][vc_column width=&#8221;1\/3&#8243;][vc_empty_space<\/p>\n<a href=\"https:\/\/tourinformrackeve.hu\/de\/?page_id=1432\" class=\"sohohotel-more-link\">Read More<i class=\"fa fa-angle-right\"><\/i><\/a>","protected":false},"author":1,"featured_media":0,"parent":0,"menu_order":0,"comment_status":"closed","ping_status":"closed","template":"","meta":[],"_links":{"self":[{"href":"https:\/\/tourinformrackeve.hu\/de\/index.php?rest_route=\/wp\/v2\/pages\/1432"}],"collection":[{"href":"https:\/\/tourinformrackeve.hu\/de\/index.php?rest_route=\/wp\/v2\/pages"}],"about":[{"href":"https:\/\/tourinformrackeve.hu\/de\/index.php?rest_route=\/wp\/v2\/types\/page"}],"author":[{"embeddable":true,"href":"https:\/\/tourinformrackeve.hu\/de\/index.php?rest_route=\/wp\/v2\/users\/1"}],"replies":[{"embeddable":true,"href":"https:\/\/tourinformrackeve.hu\/de\/index.php?rest_route=%2Fwp%2Fv2%2Fcomments&post=1432"}],"version-history":[{"count":6,"href":"https:\/\/tourinformrackeve.hu\/de\/index.php?rest_route=\/wp\/v2\/pages\/1432\/revisions"}],"predecessor-version":[{"id":1845,"href":"https:\/\/tourinformrackeve.hu\/de\/index.php?rest_route=\/wp\/v2\/pages\/1432\/revisions\/1845"}],"wp:attachment":[{"href":"https:\/\/tourinformrackeve.hu\/de\/index.php?rest_route=%2Fwp%2Fv2%2Fmedia&parent=1432"}],"curies":[{"name":"wp","href":"https:\/\/api.w.org\/{rel}","templated":true}]}}