{"id":1433,"date":"2021-03-08T13:13:53","date_gmt":"2021-03-08T13:13:53","guid":{"rendered":"http:\/\/syss.hu\/?page_id=1433"},"modified":"2021-04-12T08:56:55","modified_gmt":"2021-04-12T08:56:55","slug":"kisterseg-racalmas","status":"publish","type":"page","link":"https:\/\/tourinformrackeve.hu\/de\/?page_id=1433","title":{"rendered":"Umgebung-R\u00e1calm\u00e1s"},"content":{"rendered":"<p>[vc_row][vc_column][vc_empty_space][\/vc_column][\/vc_row][vc_row][vc_column][vc_custom_heading text=&#8221;Umgebung&#8221; font_container=&#8221;tag:h3|text_align:left&#8221;][\/vc_column][\/vc_row][vc_row][vc_column][vc_column_text]<\/p>\n<p style=\"text-align: center;\"><a href=\"https:\/\/tourinformrackeve.hu\/de\/?page_id=1430\">Als\u00f3n\u00e9medi<\/a>\u00a0\u2013\u00a0<a href=\"https:\/\/tourinformrackeve.hu\/de\/?page_id=1354\">Apaj\u00a0<\/a>\u2013\u00a0<a href=\"https:\/\/tourinformrackeve.hu\/de\/?page_id=1370\">\u00c1porka\u00a0<\/a>\u2013\u00a0<a href=\"https:\/\/tourinformrackeve.hu\/de\/?page_id=1431\">Bugyi<\/a>\u00a0\u2013\u00a0<a href=\"https:\/\/tourinformrackeve.hu\/de\/?page_id=1374\">D\u00e9legyh\u00e1za\u00a0<\/a>\u2013\u00a0<a href=\"https:\/\/tourinformrackeve.hu\/de\/?page_id=1377\">D\u00f6ms\u00f6d\u00a0<\/a>\u2013\u00a0<a href=\"https:\/\/tourinformrackeve.hu\/de\/?page_id=1381\">Dunaharaszti\u00a0<\/a>\u2013\u00a0<a href=\"https:\/\/tourinformrackeve.hu\/de\/?page_id=1384\">Dunavars\u00e1ny\u00a0<\/a>\u2013\u00a0<a href=\"https:\/\/tourinformrackeve.hu\/de\/?page_id=1387\">Hal\u00e1sztelek<\/a><br \/>\n<a href=\"https:\/\/tourinformrackeve.hu\/de\/?page_id=1390\">Kiskunlach\u00e1za\u00a0<\/a>\u2013\u00a0<a href=\"https:\/\/tourinformrackeve.hu\/de\/?page_id=1432\">Kulcs\u00a0<\/a>\u2013\u00a0<a href=\"https:\/\/tourinformrackeve.hu\/de\/?page_id=1393\">L\u00f3r\u00e9v<\/a>\u00a0\u2013\u00a0<a href=\"https:\/\/tourinformrackeve.hu\/de\/?page_id=1397\">Majosh\u00e1za<\/a>\u00a0\u2013\u00a0<a href=\"https:\/\/tourinformrackeve.hu\/de\/?page_id=1400\">Mak\u00e1d<\/a>\u00a0\u2013\u00a0<a href=\"https:\/\/tourinformrackeve.hu\/de\/?page_id=1433\">R\u00e1calm\u00e1s<\/a>\u00a0\u2013\u00a0<a href=\"https:\/\/tourinformrackeve.hu\/de\/?page_id=1403\">R\u00e1ckeve<\/a>\u00a0\u2013\u00a0<a href=\"https:\/\/tourinformrackeve.hu\/de\/?page_id=1406\">Szigetbecse<\/a>\u00a0\u2013\u00a0<a href=\"https:\/\/tourinformrackeve.hu\/de\/?page_id=1409\">Szigetcs\u00e9p<\/a><br \/>\n<a href=\"https:\/\/tourinformrackeve.hu\/de\/?page_id=1412\">Szigethalom<\/a>\u00a0\u2013\u00a0<a href=\"https:\/\/tourinformrackeve.hu\/de\/?page_id=1415\">Szigetszentm\u00e1rton<\/a>\u00a0\u2013\u00a0<a href=\"https:\/\/tourinformrackeve.hu\/de\/?page_id=1418\">Szigetszentmikl\u00f3s<\/a>\u00a0\u2013\u00a0<a href=\"https:\/\/tourinformrackeve.hu\/de\/?page_id=1421\">Sziget\u00fajfalu<\/a>\u00a0\u2013\u00a0<a href=\"https:\/\/tourinformrackeve.hu\/de\/?page_id=1424\">Taksony<\/a>\u00a0\u2013\u00a0<a href=\"https:\/\/tourinformrackeve.hu\/de\/?page_id=1427\">T\u00f6k\u00f6l<\/a><\/p>\n<p>[\/vc_column_text][\/vc_column][\/vc_row][vc_row][vc_column][vc_empty_space height=&#8221;62px&#8221;][\/vc_column][\/vc_row][vc_row][vc_column width=&#8221;2\/3&#8243;][vc_column_text]<\/p>\n<h3><span style=\"color: #d0103a;\">R\u00e1calm\u00e1s<\/span><\/h3>\n<p>R\u00e1calm\u00e1s v\u00e1ros a Duna jobb partj\u00e1n, Budapestt\u0151l mintegy 61 kilom\u00e9terre d\u00e9lre, Duna\u00fajv\u00e1rost\u00f3l 4 kilom\u00e9terre \u00e9szakra tal\u00e1lhat\u00f3, a 6-os f\u0151\u00fat \u00e9s a Pusztaszabolcs\u2013Duna\u00fajv\u00e1ros\u2013Paks-vas\u00fatvonal mellett.<\/p>\n<p>&nbsp;<\/p>\n<p><strong>R\u00e1calm\u00e1s V\u00e1ros Polg\u00e1rmesteri Hivatal\u00e1nak <\/strong><br \/>\n2459 R\u00e1calm\u00e1s, Szigetf\u0151 u. 11-13.<br \/>\nTelefon: 25\/517-850<br \/>\nE-mail: <a href=\"mailto:info@racalmas.hu\">info@racalmas.hu<\/a><br \/>\nHonlap: <a href=\"http:\/\/www.racalmas.hu\/\">www.racalmas.hu<\/a>[\/vc_column_text][\/vc_column][vc_column width=&#8221;1\/3&#8243;][vc_empty_space height=&#8221;62px&#8221;][vc_single_image image=&#8221;1669&#8243; img_size=&#8221;medium&#8221; alignment=&#8221;center&#8221;][\/vc_column][\/vc_row][vc_row][vc_column][vc_column_text]A telep\u00fcl\u00e9s ter\u00fclete m\u00e1r az \u0151skorban is lakott hely volt. R\u00e9g\u00e9szeti leletek tan\u00fas\u00edtj\u00e1k, hogy a neolitikum \u00e9s a bronzkor embere is megtelepedett a Duna f\u00f6l\u00e9 magasod\u00f3 l\u00f6szparton, de \u00e9ltek itt kelt\u00e1k, r\u00f3maiak, avarok, \u00e9s longob\u00e1rdok is. A honfoglal\u00e1s ut\u00e1n magyar t\u00f6rzsek sz\u00e1ll\u00e1shelye volt. Az els\u0151, a k\u00f6zs\u00e9gre utal\u00f3 \u00edr\u00e1sos feljegyz\u00e9s 1025-b\u0151l sz\u00e1rmazik, Szent Istv\u00e1n kir\u00e1ly adom\u00e1nylevele eml\u00edti Szigetf\u0151 n\u00e9ven.<\/p>\n<p>A t\u00f6r\u00f6k uralom, \u00e9s a ki\u0171zet\u00e9s\u00fck c\u00e9lj\u00e1b\u00f3l v\u00edvott 15 \u00e9ves h\u00e1bor\u00fa k\u00f6vetkezt\u00e9ben eln\u00e9ptelenedett a t\u00e1j. Az 1600-as \u00e9vek v\u00e9g\u00e9n szerbek (r\u00e1cok) telepedtek le a kihalt faluban, melyet III. Ferdin\u00e1nd a Farkas \u00e9s Lindvay csal\u00e1doknak adom\u00e1nyozott, akik fel\u00e9p\u00edtett\u00e9k k\u00fari\u00e1ikat, kiskast\u00e9lyaikat. 1696-ban m\u00e1r R\u00e1cz-Alm\u00e1s n\u00e9ven eml\u00edtik a k\u00f6zs\u00e9get. A k\u00f6zbirtokosok lesz\u00e1rmazottai (akik k\u00f6z\u00fcl a legismertebb Jankovich Mikl\u00f3s m\u0171gy\u0171jt\u0151 \u00e9s mec\u00e9n\u00e1s) a 20. sz\u00e1zad k\u00f6zep\u00e9ig \u00e9ltek a telep\u00fcl\u00e9sen.<\/p>\n<p>A lakoss\u00e1g f\u00f6ldm\u0171vel\u00e9ssel, hal\u00e1szattal, haj\u00f3z\u00e1ssal, iparral, kereskedelemmel foglalkozott. Dunai v\u00edzimalmok \u0151r\u00f6lt\u00e9k a k\u00f6rny\u00e9k gabon\u00e1j\u00e1t, k\u00e1polna, iskola, k\u00f6zs\u00e9gh\u00e1za, szeg\u00e9nyh\u00e1z \u00e9p\u00fclt (a r\u00f3mai katolikus \u00e9s a szerb templomot m\u00e9g az 1700-as \u00e9vekben emelt\u00e9k). 1876 \u00e9s 1899 k\u00f6z\u00f6tt a k\u00f6zs\u00e9g j\u00e1r\u00e1si sz\u00e9khely volt.<\/p>\n<p>A m\u00e1sodik vil\u00e1gh\u00e1bor\u00fa idej\u00e9n h\u00e1rom h\u00f3napig hull\u00e1mzott a frontvonal ezen a ter\u00fcleten, m\u00e9rhetetlen k\u00e1rokat okozva. Az \u00fajj\u00e1\u00e9p\u00edt\u00e9st k\u00f6vet\u0151en 1950-t\u0151l nagyot v\u00e1ltozott a falu \u00e9lete. A szomsz\u00e9dos Dunapentel\u00e9n \u00e9p\u00fcl\u0151 Szt\u00e1linv\u00e1ros (a mai Duna\u00fajv\u00e1ros) munkalehet\u0151s\u00e9get teremtett a lakoss\u00e1gnak. Az 1960-as \u00e9vekben a l\u00f6szfal cs\u00fasz\u00e1s\u00e1nak k\u00f6vetkezt\u00e9ben a k\u00f6zs\u00e9g k\u00f6zponti r\u00e9sze szinte megsemmis\u00fclt a templommal, k\u00f6zint\u00e9zm\u00e9nyekkel, polg\u00e1ri h\u00e1zakkal, \u00fczletekkel egy\u00fctt. A hegy \u00e9lt\u0151l a Duna fel\u00e9 es\u0151 ter\u00fcleten \u00e9p\u00edt\u00e9si tilalom l\u00e9pett \u00e9rv\u00e9nybe.<\/p>\n<p>A rendszerv\u00e1ltoz\u00e1s hatalmas fejl\u0151d\u00e9st hozott a k\u00f6zs\u00e9g \u00e9let\u00e9ben. Az addig stagn\u00e1l\u00f3 telep\u00fcl\u00e9s rohaml\u00e9ptekkel kezdett fejl\u0151dni. M\u00e1ra csaknem sz\u00e1z sz\u00e1zal\u00e9kos a csatorn\u00e1z\u00e1s, a vezet\u00e9kes iv\u00f3v\u00edzell\u00e1t\u00e1s, a mobiltelefonok t\u00e9rh\u00f3d\u00edt\u00e1s\u00e1val ugyan cs\u00f6kkent a jelent\u0151s\u00e9ge, de a vezet\u00e9kes telefonh\u00e1l\u00f3zatot tekintve a megye egyik legjobban ell\u00e1tott telep\u00fcl\u00e9se. Nemr\u00e9g fejez\u0151d\u00f6tt be az egykori Teleszki-k\u00faria fel\u00faj\u00edt\u00e1sa, itt a k\u00f6zs\u00e9gi k\u00f6nyvt\u00e1r \u00e9s m\u0171vel\u0151d\u00e9si h\u00e1z kapott helyet, s ezt r\u00f6videsen k\u00f6vette a k\u00f6zs\u00e9g b\u00fcszkes\u00e9g\u00e9nek, a hosszas k\u00fczdelem ut\u00e1n \u201evisszaszerzett\u201d Jankovich-kast\u00e9ly fel\u00faj\u00edt\u00e1sa. Az \u00e9p\u00fclet klasszikus \u00e9rt\u00e9keit meg\u0151rizve korszer\u0171 konferencia- \u00e9s idegenforgalmi k\u00f6zpontot tervezett a k\u00f6zs\u00e9g \u00f6nkorm\u00e1nyzata, s ehhez jelent\u0151s korm\u00e1nyzati \u00e9s EU-s p\u00e1ly\u00e1zati p\u00e9nzeket nyertek el. A konferencia-k\u00f6zpontot 2007. augusztus 20-\u00e1n \u00e1tadt\u00e1k a nagyk\u00f6z\u00f6ns\u00e9gnek.<\/p>\n<p>A kor\u00e1bban R\u00e1calm\u00e1shoz tartoz\u00f3 Kulcs 1994-ben lett \u00f6n\u00e1ll\u00f3 k\u00f6zs\u00e9g.<\/p>\n<p>R\u00e1calm\u00e1s 2009. j\u00falius 1-je \u00f3ta v\u00e1ros.<\/p>\n<p>R\u00e1calm\u00e1s \u00e9let\u00e9ben meghat\u00e1roz\u00f3 volt a 2006-os \u00e9v, ekkor tett\u00e9k le a r\u00e9gi\u00f3 egyik legnagyobb munk\u00e1ltat\u00f3j\u00e1nak, a Hankook alapk\u00f6v\u00e9t. A gumigy\u00e1r 2007-ben kezdte meg a termel\u00e9st, munk\u00e1t adva t\u00f6bb mint 1000 embernek. 2010-2011 k\u00f6z\u00f6tt tov\u00e1bb b\u0151v\u00fclt a gy\u00e1r majd 2013-ban ism\u00e9t b\u0151v\u00edtett\u00e9k a gy\u00e1rat.<\/p>\n<p>A koreai gy\u00e1rral egy\u00fctt \u00faj kult\u00fara, gasztron\u00f3mia is k\u00f6lt\u00f6z\u00f6tt a v\u00e1rosba, a Jankovich-k\u00faria ter\u00fclet\u00e9n koreai \u00e9teleket is megk\u00f3stolhatunk ak\u00e1r tradicion\u00e1lis k\u00f6rnyezetben is.<\/p>\n<p>&nbsp;<\/p>\n<p>[\/vc_column_text][\/vc_column][\/vc_row]<\/p>\n","protected":false},"excerpt":{"rendered":"<p>[vc_row][vc_column][vc_empty_space][\/vc_column][\/vc_row][vc_row][vc_column][vc_custom_heading text=&#8221;Umgebung&#8221; font_container=&#8221;tag:h3|text_align:left&#8221;][\/vc_column][\/vc_row][vc_row][vc_column][vc_column_text] Als\u00f3n\u00e9medi\u00a0\u2013\u00a0Apaj\u00a0\u2013\u00a0\u00c1porka\u00a0\u2013\u00a0Bugyi\u00a0\u2013\u00a0D\u00e9legyh\u00e1za\u00a0\u2013\u00a0D\u00f6ms\u00f6d\u00a0\u2013\u00a0Dunaharaszti\u00a0\u2013\u00a0Dunavars\u00e1ny\u00a0\u2013\u00a0Hal\u00e1sztelek Kiskunlach\u00e1za\u00a0\u2013\u00a0Kulcs\u00a0\u2013\u00a0L\u00f3r\u00e9v\u00a0\u2013\u00a0Majosh\u00e1za\u00a0\u2013\u00a0Mak\u00e1d\u00a0\u2013\u00a0R\u00e1calm\u00e1s\u00a0\u2013\u00a0R\u00e1ckeve\u00a0\u2013\u00a0Szigetbecse\u00a0\u2013\u00a0Szigetcs\u00e9p Szigethalom\u00a0\u2013\u00a0Szigetszentm\u00e1rton\u00a0\u2013\u00a0Szigetszentmikl\u00f3s\u00a0\u2013\u00a0Sziget\u00fajfalu\u00a0\u2013\u00a0Taksony\u00a0\u2013\u00a0T\u00f6k\u00f6l [\/vc_column_text][\/vc_column][\/vc_row][vc_row][vc_column][vc_empty_space height=&#8221;62px&#8221;][\/vc_column][\/vc_row][vc_row][vc_column width=&#8221;2\/3&#8243;][vc_column_text] R\u00e1calm\u00e1s R\u00e1calm\u00e1s v\u00e1ros a Duna jobb partj\u00e1n, Budapestt\u0151l mintegy 61 kilom\u00e9terre d\u00e9lre, Duna\u00fajv\u00e1rost\u00f3l 4 kilom\u00e9terre \u00e9szakra tal\u00e1lhat\u00f3, a 6-os f\u0151\u00fat \u00e9s a Pusztaszabolcs\u2013Duna\u00fajv\u00e1ros\u2013Paks-vas\u00fatvonal mellett. &nbsp; R\u00e1calm\u00e1s V\u00e1ros Polg\u00e1rmesteri Hivatal\u00e1nak 2459 R\u00e1calm\u00e1s, Szigetf\u0151 u. 11-13. Telefon: 25\/517-850 E-mail: info@racalmas.hu Honlap: www.racalmas.hu[\/vc_column_text][\/vc_column][vc_column width=&#8221;1\/3&#8243;][vc_empty_space height=&#8221;62px&#8221;][vc_single_image image=&#8221;1669&#8243; img_size=&#8221;medium&#8221; alignment=&#8221;center&#8221;][\/vc_column][\/vc_row][vc_row][vc_column][vc_column_text]A telep\u00fcl\u00e9s<\/p>\n<a href=\"https:\/\/tourinformrackeve.hu\/de\/?page_id=1433\" class=\"sohohotel-more-link\">Read More<i class=\"fa fa-angle-right\"><\/i><\/a>","protected":false},"author":1,"featured_media":0,"parent":0,"menu_order":0,"comment_status":"closed","ping_status":"closed","template":"","meta":[],"_links":{"self":[{"href":"https:\/\/tourinformrackeve.hu\/de\/index.php?rest_route=\/wp\/v2\/pages\/1433"}],"collection":[{"href":"https:\/\/tourinformrackeve.hu\/de\/index.php?rest_route=\/wp\/v2\/pages"}],"about":[{"href":"https:\/\/tourinformrackeve.hu\/de\/index.php?rest_route=\/wp\/v2\/types\/page"}],"author":[{"embeddable":true,"href":"https:\/\/tourinformrackeve.hu\/de\/index.php?rest_route=\/wp\/v2\/users\/1"}],"replies":[{"embeddable":true,"href":"https:\/\/tourinformrackeve.hu\/de\/index.php?rest_route=%2Fwp%2Fv2%2Fcomments&post=1433"}],"version-history":[{"count":7,"href":"https:\/\/tourinformrackeve.hu\/de\/index.php?rest_route=\/wp\/v2\/pages\/1433\/revisions"}],"predecessor-version":[{"id":1851,"href":"https:\/\/tourinformrackeve.hu\/de\/index.php?rest_route=\/wp\/v2\/pages\/1433\/revisions\/1851"}],"wp:attachment":[{"href":"https:\/\/tourinformrackeve.hu\/de\/index.php?rest_route=%2Fwp%2Fv2%2Fmedia&parent=1433"}],"curies":[{"name":"wp","href":"https:\/\/api.w.org\/{rel}","templated":true}]}}