{"id":1529,"date":"2021-03-22T12:45:45","date_gmt":"2021-03-22T12:45:45","guid":{"rendered":"https:\/\/tourinformrackeve.hu\/?page_id=1529"},"modified":"2023-06-14T09:22:41","modified_gmt":"2023-06-14T09:22:41","slug":"latnivalok-bugyi","status":"publish","type":"page","link":"https:\/\/tourinformrackeve.hu\/de\/?page_id=1529","title":{"rendered":"Sehensw\u00fcrdigkeiten-Bugyi"},"content":{"rendered":"<p>[vc_row][vc_column][vc_empty_space][\/vc_column][\/vc_row][vc_row][vc_column][vc_custom_heading text=&#8221;Sehensw\u00fcrdigkeiten&#8221; font_container=&#8221;tag:h3|text_align:left&#8221;][\/vc_column][\/vc_row][vc_row][vc_column][vc_column_text]<\/p>\n<p style=\"text-align: center;\"><a href=\"https:\/\/tourinformrackeve.hu\/de\/?page_id=1518\">Als\u00f3n\u00e9medi<\/a>\u00a0\u2013\u00a0<a href=\"https:\/\/tourinformrackeve.hu\/de\/?page_id=1520\">Apaj\u00a0<\/a>\u2013\u00a0<a href=\"https:\/\/tourinformrackeve.hu\/de\/?page_id=1526\">\u00c1porka\u00a0<\/a>\u2013\u00a0<a href=\"https:\/\/tourinformrackeve.hu\/de\/?page_id=1529\">Bugyi<\/a>\u00a0\u2013\u00a0<a href=\"https:\/\/tourinformrackeve.hu\/de\/?page_id=1533\">D\u00e9legyh\u00e1za\u00a0<\/a>\u2013\u00a0<a href=\"https:\/\/tourinformrackeve.hu\/de\/?page_id=1535\">D\u00f6ms\u00f6d\u00a0<\/a>\u2013\u00a0<a href=\"https:\/\/tourinformrackeve.hu\/de\/?page_id=1537\">Dunaharaszti\u00a0<\/a>\u2013\u00a0<a href=\"https:\/\/tourinformrackeve.hu\/de\/?page_id=1540\">Dunavars\u00e1ny\u00a0<\/a>\u2013\u00a0<a href=\"https:\/\/tourinformrackeve.hu\/de\/?page_id=1542\">Hal\u00e1sztelek<\/a><br \/>\n<a href=\"https:\/\/tourinformrackeve.hu\/de\/?page_id=1544\">Kiskunlach\u00e1za\u00a0<\/a>\u2013\u00a0<a href=\"https:\/\/tourinformrackeve.hu\/de\/?page_id=1547\">Kulcs\u00a0<\/a>\u2013\u00a0<a href=\"https:\/\/tourinformrackeve.hu\/de\/?page_id=1549\">L\u00f3r\u00e9v<\/a>\u00a0\u2013\u00a0<a href=\"https:\/\/tourinformrackeve.hu\/de\/?page_id=1552\">Majosh\u00e1za<\/a>\u00a0\u2013\u00a0<a href=\"https:\/\/tourinformrackeve.hu\/de\/?page_id=1554\">Mak\u00e1d<\/a>\u00a0\u2013\u00a0<a href=\"https:\/\/tourinformrackeve.hu\/de\/?page_id=1556\">R\u00e1calm\u00e1s<\/a>\u00a0\u2013\u00a0<a href=\"https:\/\/tourinformrackeve.hu\/de\/?page_id=1558\">R\u00e1ckeve<\/a>\u00a0\u2013\u00a0<a href=\"https:\/\/tourinformrackeve.hu\/de\/?page_id=1560\">Szigetbecse<\/a>\u00a0\u2013\u00a0<a href=\"https:\/\/tourinformrackeve.hu\/de\/?page_id=1563\">Szigetcs\u00e9p<\/a><br \/>\n<a href=\"https:\/\/tourinformrackeve.hu\/de\/?page_id=1565\">Szigethalom<\/a>\u00a0\u2013\u00a0<a href=\"https:\/\/tourinformrackeve.hu\/de\/?page_id=1567\">Szigetszentm\u00e1rton<\/a>\u00a0\u2013\u00a0<a href=\"https:\/\/tourinformrackeve.hu\/de\/?page_id=1569\">Szigetszentmikl\u00f3s<\/a>\u00a0\u2013\u00a0<a href=\"https:\/\/tourinformrackeve.hu\/de\/?page_id=1571\">Sziget\u00fajfalu<\/a>\u00a0\u2013\u00a0<a href=\"https:\/\/tourinformrackeve.hu\/de\/?page_id=1573\">Taksony<\/a>\u00a0\u2013\u00a0<a href=\"https:\/\/tourinformrackeve.hu\/de\/?page_id=1575\">T\u00f6k\u00f6l<\/a><\/p>\n<p>[\/vc_column_text][\/vc_column][\/vc_row][vc_row][vc_column][vc_empty_space height=&#8221;62px&#8221;][\/vc_column][\/vc_row][vc_row][vc_column width=&#8221;2\/3&#8243;][vc_column_text]<\/p>\n<h3><span style=\"color: #d0103a;\">Bugyi<\/span><\/h3>\n<p>[\/vc_column_text][\/vc_column][vc_column width=&#8221;1\/3&#8243;][\/vc_column][\/vc_row][vc_row][vc_column][vc_column_text]<span class=\"Y2IQFc\" lang=\"de\"><strong>Schloss Beleznay:<\/strong> Das \u00e4lteste Baudenkmal des Dorfes Bugyi ist dieses barocke Herrenhaus, das in den 1730er Jahren von J\u00e1nos Beleznay (dem ehemaligen General von M\u00e1ria Ter\u00e9zia) gebaut wurde. Das war Beleznays erster Wohnort. Durch Umbauten und Abrisse hat das Geb\u00e4ude seinen urspr\u00fcnglichen Charakter fast vollst\u00e4ndig verloren. Die Gemeinde der Siedlung tat jedoch alles M\u00f6gliche, um dem Geb\u00e4ude sein fr\u00fcheres Aussehen zur\u00fcckzugeben, so dass \u2013 dank mehrerer Ausschreibungen und eigener Investitionen \u2013 am 25. November 2011 schlie\u00dflich die Bev\u00f6lkerung von Bugyi Nagyk\u00f6ss\u00e9g das Beleznay in Besitz nehmen konnte Schlossbau im feierlichen Rahmen. Das Kulturhaus und die Bibliothek Bessenyei Gy\u00f6rgy zogen in das Schloss ein.<\/span><\/p>\n<p><span class=\"Y2IQFc\" lang=\"de\"><strong>R\u00f6misch-katholische Kirche:<\/strong> Barocke Kirche, die dem Hl. Adalbert gewidmet ist (erbaut: 1761-63). Erbaut von Gr. K\u00e1roly Eszterh\u00e1zy und Krist\u00f3f Migazzi waren Bisch\u00f6fe von V\u00e1c.<\/span><\/p>\n<p><span class=\"Y2IQFc\" lang=\"de\">Reformierte Kirche: Barockbau mit einem einzigen Turm, dessen Grundstein 1801 gelegt und 1803 geweiht wurde. Sie steht im Garten der reformierten Kirche, eine Steinstatue aus der R\u00f6merzeit genannt \u201eStein der Schande\u201c, der urspr\u00fcnglich m\u00f6glicherweise ein r\u00f6misches Wahrzeichen war. Laut Inschrift nutzte ihn die reformierte Kirche zwischen 1783 und 1824 als Stein der Schande. Sein Protokoll bewahrt die Erinnerung an zahlreiche \u201ekirchliche Verfolgung\u201c-Prozesse, bei denen Verst\u00f6\u00dfe gegen Kirchengesetze vor der Kanzel und dem auf dem Kirchhof aufgestellten Stein der Schande ihre S\u00fcnden bereuten.<\/span><\/p>\n<p><span class=\"Y2IQFc\" lang=\"de\"><strong>Schloss Forster (heute Jagdschloss):<\/strong> Das Anfang der 1890er Jahre erbaute Herrenhaus geh\u00f6rte K\u00e1lm\u00e1n Forster. K\u00e1lm\u00e1n Forster begann auf seinen riesigen L\u00e4ndereien mit der Organisation eines modernen landwirtschaftlichen Betriebes, der Rohstoffe produzierte, was innerhalb eines Jahrzehnts zu einer bedeutenden Ver\u00e4nderung im Bereich des Anbaus f\u00fchrte. Heute ist das Schloss in Privatbesitz und wird als Restaurant und Unterkunft genutzt. Zus\u00e4tzlich zu den J\u00e4gern, die Jagdveranstaltungen besuchen, die in und um Bugyi organisiert werden, finden in der Gegend von Jagdschloss, die von mehreren Hektar malerischen alten Parks umgeben ist, viele Hochzeiten und verschiedene Veranstaltungen statt. http:\/\/www.forsterkastely.hu\/<\/span><\/p>\n<p><span class=\"Y2IQFc\" lang=\"de\"><strong>Ruinen der Borzaspuszta-Kirche:<\/strong> Von Bugyi Nagyk\u00f6zs\u00e9g in Richtung Dabas finden Sie die \u00dcberreste der ehemaligen Kapelle. Im Jahr 2014 renovierte die katholische Kirche die restlichen Mauern des Geb\u00e4udes.<\/span><\/p>\n<p><span class=\"Y2IQFc\" lang=\"de\"><strong>Landschaftshaus der Gemeinde Bugyi:<\/strong> Das Landschaftshaus von Bugyi pr\u00e4sentiert die Volkskunsttraditionen und Br\u00e4uche der Siedlung sowie das Handwerk der Vorfahren. Die Lokalbew\u00f6lkerung gaben sich die Einheimischen nicht damit zufrieden, auf dem Regal Platz f\u00fcr Sense, Scheibe und Holzl\u00f6ffel zu schaffen, da ihre Pl\u00e4ne auch altmodisches Ernten, T\u00f6pfern und Marmeladenmachen vorsehen. Die Realisierung der Investition stellt einen weiteren Schritt in der Geschichte der Siedlungsentwicklung da und ist ein hervorragendes Beispiel f\u00fcr die Zusammenarbeit lokaler Institutionen, Zivilorganisationen und Unternehmen. Und das ist wichtig, denn nach Ansicht der Bewohner von Bugyi hat die Gemeinschaft, die ihre Vergangenheit kennt und respektiert, eine Zukunft.<\/span><\/p>\n<pre id=\"tw-target-text\" class=\"tw-data-text tw-text-large tw-ta\" dir=\"ltr\" data-placeholder=\"Ford\u00edt\u00e1s\"><span class=\"Y2IQFc\" lang=\"de\">Adresse: 2347 Bugyi Teleki u.\r\nTelefonnummer: 70\/338-2533\r\nE-Mail: bugyitajhaz@gmail.com\r\n\u00d6ffnungszeiten:\r\nMo-Fr: 9-16 Uhr\r\nAm Samstag: Nach Vereinbarung (Anmeldung sp\u00e4testens am Dienstag vor dem aktuellen Samstag)<\/span><\/pre>\n<p><a href=\"https:\/\/www.facebook.com\/pg\/Bugyi-Nagyk%C3%B6zs%C3%A9g-T%C3%A1jh%C3%A1za-1032561126818942\/about\/?ref=page_internal\">https:\/\/www.facebook.com\/pg\/Bugyi-Nagyk%C3%B6zs%C3%A9g-T%C3%A1jh%C3%A1za-1032561126818942\/about\/?ref=page_internal<\/a>[\/vc_column_text][\/vc_column][\/vc_row]<\/p>\n","protected":false},"excerpt":{"rendered":"<p>[vc_row][vc_column][vc_empty_space][\/vc_column][\/vc_row][vc_row][vc_column][vc_custom_heading text=&#8221;Sehensw\u00fcrdigkeiten&#8221; font_container=&#8221;tag:h3|text_align:left&#8221;][\/vc_column][\/vc_row][vc_row][vc_column][vc_column_text] Als\u00f3n\u00e9medi\u00a0\u2013\u00a0Apaj\u00a0\u2013\u00a0\u00c1porka\u00a0\u2013\u00a0Bugyi\u00a0\u2013\u00a0D\u00e9legyh\u00e1za\u00a0\u2013\u00a0D\u00f6ms\u00f6d\u00a0\u2013\u00a0Dunaharaszti\u00a0\u2013\u00a0Dunavars\u00e1ny\u00a0\u2013\u00a0Hal\u00e1sztelek Kiskunlach\u00e1za\u00a0\u2013\u00a0Kulcs\u00a0\u2013\u00a0L\u00f3r\u00e9v\u00a0\u2013\u00a0Majosh\u00e1za\u00a0\u2013\u00a0Mak\u00e1d\u00a0\u2013\u00a0R\u00e1calm\u00e1s\u00a0\u2013\u00a0R\u00e1ckeve\u00a0\u2013\u00a0Szigetbecse\u00a0\u2013\u00a0Szigetcs\u00e9p Szigethalom\u00a0\u2013\u00a0Szigetszentm\u00e1rton\u00a0\u2013\u00a0Szigetszentmikl\u00f3s\u00a0\u2013\u00a0Sziget\u00fajfalu\u00a0\u2013\u00a0Taksony\u00a0\u2013\u00a0T\u00f6k\u00f6l [\/vc_column_text][\/vc_column][\/vc_row][vc_row][vc_column][vc_empty_space height=&#8221;62px&#8221;][\/vc_column][\/vc_row][vc_row][vc_column width=&#8221;2\/3&#8243;][vc_column_text] Bugyi [\/vc_column_text][\/vc_column][vc_column width=&#8221;1\/3&#8243;][\/vc_column][\/vc_row][vc_row][vc_column][vc_column_text]Schloss Beleznay: Das \u00e4lteste Baudenkmal des Dorfes Bugyi ist dieses barocke Herrenhaus, das in den 1730er Jahren von J\u00e1nos Beleznay (dem ehemaligen General von M\u00e1ria Ter\u00e9zia) gebaut wurde. Das war Beleznays erster Wohnort. Durch Umbauten und Abrisse hat das Geb\u00e4ude seinen urspr\u00fcnglichen Charakter fast<\/p>\n<a href=\"https:\/\/tourinformrackeve.hu\/de\/?page_id=1529\" class=\"sohohotel-more-link\">Read More<i class=\"fa fa-angle-right\"><\/i><\/a>","protected":false},"author":1,"featured_media":0,"parent":0,"menu_order":0,"comment_status":"closed","ping_status":"closed","template":"","meta":[],"_links":{"self":[{"href":"https:\/\/tourinformrackeve.hu\/de\/index.php?rest_route=\/wp\/v2\/pages\/1529"}],"collection":[{"href":"https:\/\/tourinformrackeve.hu\/de\/index.php?rest_route=\/wp\/v2\/pages"}],"about":[{"href":"https:\/\/tourinformrackeve.hu\/de\/index.php?rest_route=\/wp\/v2\/types\/page"}],"author":[{"embeddable":true,"href":"https:\/\/tourinformrackeve.hu\/de\/index.php?rest_route=\/wp\/v2\/users\/1"}],"replies":[{"embeddable":true,"href":"https:\/\/tourinformrackeve.hu\/de\/index.php?rest_route=%2Fwp%2Fv2%2Fcomments&post=1529"}],"version-history":[{"count":6,"href":"https:\/\/tourinformrackeve.hu\/de\/index.php?rest_route=\/wp\/v2\/pages\/1529\/revisions"}],"predecessor-version":[{"id":1978,"href":"https:\/\/tourinformrackeve.hu\/de\/index.php?rest_route=\/wp\/v2\/pages\/1529\/revisions\/1978"}],"wp:attachment":[{"href":"https:\/\/tourinformrackeve.hu\/de\/index.php?rest_route=%2Fwp%2Fv2%2Fmedia&parent=1529"}],"curies":[{"name":"wp","href":"https:\/\/api.w.org\/{rel}","templated":true}]}}