{"id":1556,"date":"2021-03-22T13:22:15","date_gmt":"2021-03-22T13:22:15","guid":{"rendered":"https:\/\/tourinformrackeve.hu\/?page_id=1556"},"modified":"2023-06-14T10:43:00","modified_gmt":"2023-06-14T10:43:00","slug":"latnivalok-racalmas","status":"publish","type":"page","link":"https:\/\/tourinformrackeve.hu\/de\/?page_id=1556","title":{"rendered":"Sehensw\u00fcrdigkeiten-R\u00e1calm\u00e1s"},"content":{"rendered":"<p>[vc_row][vc_column][vc_empty_space][\/vc_column][\/vc_row][vc_row][vc_column][vc_custom_heading text=&#8221;Sehensw\u00fcrdigkeiten&#8221; font_container=&#8221;tag:h3|text_align:left&#8221;][\/vc_column][\/vc_row][vc_row][vc_column][vc_column_text]<\/p>\n<p style=\"text-align: center;\"><a href=\"https:\/\/tourinformrackeve.hu\/de\/?page_id=1518\">Als\u00f3n\u00e9medi<\/a>\u00a0\u2013\u00a0<a href=\"https:\/\/tourinformrackeve.hu\/de\/?page_id=1520\">Apaj\u00a0<\/a>\u2013\u00a0<a href=\"https:\/\/tourinformrackeve.hu\/de\/?page_id=1526\">\u00c1porka\u00a0<\/a>\u2013\u00a0<a href=\"https:\/\/tourinformrackeve.hu\/de\/?page_id=1529\">Bugyi<\/a>\u00a0\u2013\u00a0<a href=\"https:\/\/tourinformrackeve.hu\/de\/?page_id=1533\">D\u00e9legyh\u00e1za\u00a0<\/a>\u2013\u00a0<a href=\"https:\/\/tourinformrackeve.hu\/de\/?page_id=1535\">D\u00f6ms\u00f6d\u00a0<\/a>\u2013\u00a0<a href=\"https:\/\/tourinformrackeve.hu\/de\/?page_id=1537\">Dunaharaszti\u00a0<\/a>\u2013\u00a0<a href=\"https:\/\/tourinformrackeve.hu\/de\/?page_id=1540\">Dunavars\u00e1ny\u00a0<\/a>\u2013\u00a0<a href=\"https:\/\/tourinformrackeve.hu\/de\/?page_id=1542\">Hal\u00e1sztelek<\/a><br \/>\n<a href=\"https:\/\/tourinformrackeve.hu\/de\/?page_id=1544\">Kiskunlach\u00e1za\u00a0<\/a>\u2013\u00a0<a href=\"https:\/\/tourinformrackeve.hu\/de\/?page_id=1547\">Kulcs\u00a0<\/a>\u2013\u00a0<a href=\"https:\/\/tourinformrackeve.hu\/de\/?page_id=1549\">L\u00f3r\u00e9v<\/a>\u00a0\u2013\u00a0<a href=\"https:\/\/tourinformrackeve.hu\/de\/?page_id=1552\">Majosh\u00e1za<\/a>\u00a0\u2013\u00a0<a href=\"https:\/\/tourinformrackeve.hu\/de\/?page_id=1554\">Mak\u00e1d<\/a>\u00a0\u2013\u00a0<a href=\"https:\/\/tourinformrackeve.hu\/de\/?page_id=1556\">R\u00e1calm\u00e1s<\/a>\u00a0\u2013\u00a0<a href=\"https:\/\/tourinformrackeve.hu\/de\/?page_id=1558\">R\u00e1ckeve<\/a>\u00a0\u2013\u00a0<a href=\"https:\/\/tourinformrackeve.hu\/de\/?page_id=1560\">Szigetbecse<\/a>\u00a0\u2013\u00a0<a href=\"https:\/\/tourinformrackeve.hu\/de\/?page_id=1563\">Szigetcs\u00e9p<\/a><br \/>\n<a href=\"https:\/\/tourinformrackeve.hu\/de\/?page_id=1565\">Szigethalom<\/a>\u00a0\u2013\u00a0<a href=\"https:\/\/tourinformrackeve.hu\/de\/?page_id=1567\">Szigetszentm\u00e1rton<\/a>\u00a0\u2013\u00a0<a href=\"https:\/\/tourinformrackeve.hu\/de\/?page_id=1569\">Szigetszentmikl\u00f3s<\/a>\u00a0\u2013\u00a0<a href=\"https:\/\/tourinformrackeve.hu\/de\/?page_id=1571\">Sziget\u00fajfalu<\/a>\u00a0\u2013\u00a0<a href=\"https:\/\/tourinformrackeve.hu\/de\/?page_id=1573\">Taksony<\/a>\u00a0\u2013\u00a0<a href=\"https:\/\/tourinformrackeve.hu\/de\/?page_id=1575\">T\u00f6k\u00f6l<\/a><\/p>\n<p>[\/vc_column_text][\/vc_column][\/vc_row][vc_row][vc_column][vc_empty_space height=&#8221;62px&#8221;][\/vc_column][\/vc_row][vc_row][vc_column width=&#8221;2\/3&#8243;][vc_column_text]<\/p>\n<h3><span style=\"color: #d0103a;\">R\u00e1calm\u00e1s<\/span><\/h3>\n<p>[\/vc_column_text][\/vc_column][vc_column width=&#8221;1\/3&#8243;][\/vc_column][\/vc_row][vc_row][vc_column][vc_column_text]<strong>\u00a0<\/strong><\/p>\n<p><span class=\"Y2IQFc\" lang=\"de\"><strong>Jankovich-Herrenhaus:<\/strong> Das Jankovich-Herrenhaus, ein barockes Baudenkmal umgeben von einem malerischen Park, ist der sch\u00f6nste Geb\u00e4udekomplex der Region, in dem die Gemeinde ein \u00d6kotourismus- und Veranstaltungszentrum entwickelt hat.<\/span><\/p>\n<p><span class=\"Y2IQFc\" lang=\"de\">Der park des Herrenhauses, der im 18. Jahrhundert gebaut hat, ist zu jeder Tageszeit ge\u00f6ffnet. Mit 7 R\u00e4umen des Hauptgeb\u00e4udes, 4 R\u00e4umen des \u00d6kotourismuszentrums sowie drei Dauerausstellungen, einem gem\u00fctlichen Geschenkeladen und einem bunten Programm in der malerischen Umgebung der Gastronomie- und Handwerksh\u00e4user hei\u00dft es Besucher sowie Teilnehmer von Firmenveranstaltungen willkommen und private Veranstaltungen.<\/span><\/p>\n<p><span class=\"Y2IQFc\" lang=\"de\"><strong>R\u00e1calm\u00e1s Nagy-sziget ( R\u00e1calm\u00e9ser Gro\u00dfe Insel):<\/strong> Das 380 Hektar gro\u00dfe, unter Naturschutz stehende R\u00e1calm\u00e1s Nagy-sziget ist Teil des Donau-Ipoly-Nationalparks. Seine Flora und Fauna bietet viele interessante Attraktionen und der Donauabschnitt in R\u00e1calm\u00e1s ist ein Paradies f\u00fcr Angler. Eines der wichtigsten Ziele der Schutzerkl\u00e4rung der Insel war die Wiederherstellung und der Schutz der wundersch\u00f6nen Eichen-, Eschen- und Ulmenpflanzengemeinschaften nach den vorherigen Rodungen vor neuen, aggressiveren, nicht heimischen Baumarten. Trotz ihres dichten Bl\u00e4tterdachs sind auch die Strauch- und Rasenfl\u00e4chen der Haine \u00e4u\u00dferst reichhaltig. Besonders gro\u00df und wertvoll ist das Unterholz aus gesch\u00fctzten krautigen Pflanzen: Hier finden sich unter anderem das Schneegl\u00f6ckchen, der Schwingel und das Maigl\u00f6ckchen, das auch als Heilpflanze genutzt wird.<\/span><\/p>\n<p><span class=\"Y2IQFc\" lang=\"de\">N\u00e4hrstoffsriche Altwasser und Buchten beherbergen eine vielf\u00e4ltige Vogelwelt. Derzeit nisten 92 verschiedene Vogelarten auf Nagy Sziget und mehr als 50 weitere besuchen ihn regelm\u00e4\u00dfig. Wer etwas Geduld hat, kann auch seltene Watv\u00f6gel wie den Graureiher oder den Schwarzstorch bewundern. W\u00e4hrend des Vogelzugs bieten die Inseln Hunderten von Enten- und G\u00e4nseschw\u00e4rmen einen vor\u00fcbergehenden Aufenthaltsort. Auf der Insel gibt es majest\u00e4tische Greifv\u00f6gel wie den Wei\u00dfkopfseeadler, den Fischadler oder sogar den Wanderfalken.<\/span><\/p>\n<p><span class=\"Y2IQFc\" lang=\"de\">Auch die S\u00e4ugetierpopulation der Insel ist bedeutend. Neben Feldw\u00fchlm\u00e4usen, Bisamratten und der gesch\u00fctzten Wasserspitzmaus k\u00f6nnen die hartn\u00e4ckigeren Beobachter sogar einen Blick auf den Hermelin, das Reh oder den stark gesch\u00fctzten Fischotter erhaschen.<\/span><\/p>\n<p><span class=\"Y2IQFc\" lang=\"de\">Auf Nagy-sziget gibt es zwei l\u00e4ngere und k\u00fcrzere Lehrpfade di f\u00fcr die Interessierende gebaut wurden. Pfahlbr\u00fccken f\u00fchren \u00fcber tiefere Flussauen und sumpfige Gebiete. Somit k\u00f6nnen Besucher fast alle Bereiche der Tierwelt der Insel bequem und trockenen Fu\u00dfes erkunden. <\/span><\/p>\n<p><span class=\"Y2IQFc\" lang=\"de\">Wenn Sie jedoch Lust haben, aufs Fahrrad zu steigen, k\u00f6nnen Sie das auch tun \u2013 entweder mit Ihrem eigenen oder einem geliehenen Fahrrad. Dank der Entwicklungen der letzten Jahre k\u00f6nnen Sie nicht nur R\u00e1calm\u00e1s oder Nagy sziget auf dem Radwegenetz, sondern auch am gem\u00fctlichen Donauufer in ca. 10 Minuten erreichen. Sie k\u00f6nnen auch das 10 km entfernte Duna\u00fajv\u00e1ros erreichen.<\/span><\/p>\n<p><span class=\"Y2IQFc\" lang=\"de\">Jankovich-Kapelle: Das Interessante an R\u00e1calm\u00e1s ist, dass der alte, gut erhaltene Friedhof im Herzen der Stadt liegt. <\/span><\/p>\n<p><span class=\"Y2IQFc\" lang=\"de\">Schon von weitem ist die sch\u00f6ne Jankovich-Kapelle auf dem Kapellenh\u00fcgel zu sehen, die in der zweiten H\u00e4lfte im 19. Jahrhundert zu Ehren seines Vaters von Gyula Jankovich erbaut wurde. in der zweiten H\u00e4lfte zu Ehren seines Vaters. Die Krypta unter der Kapelle war als Grabst\u00e4tte f\u00fcr die Familie gedacht.<\/span><\/p>\n<p><span class=\"Y2IQFc\" lang=\"de\"><strong>Denkmal der Familie Pajzs:<\/strong> Sehr beeindruckend ist auch das Grab der Familie Pajzs, das am Ende der Kastanienreihe vor uns erscheint. Der Grabstein wurde 1911 von Dr. Gyula Pajzs aus R\u00e1calm\u00e1s (Gyula Pick bis 1897). Auf dem 570 cm hohen Kreuz ist ein riesiger Korpus zu sehen, der architektonische Teil ist 850 cm hoch. Auf den seitlich verlaufenden Elementen sind Zitate aus der Bibel und aus der Feder von Bischof Ottok\u00e1r Proh\u00e1szka zu lesen.<\/span><\/p>\n<p><span class=\"Y2IQFc\" lang=\"de\"><strong>Teleszky-Herrenhaus:<\/strong> Das ehemalige Teleszky-Herrenhaus, das nach 1870 von der Familie M\u00e1rkus erbaut wurde, liegt im zentralen Teil von R\u00e1calm\u00e1s. Das XX. Jahrhundert in der ersten H\u00e4lfte war es im Besitz der Familie Teleszky und heute beherbergt es immer noch das Kulturzentrum und viele bunte Programme in einer wunderbaren Umgebung.<\/span><\/p>\n<p><span class=\"Y2IQFc\" lang=\"de\"><strong>Jesus Himmelfahrt griechisch Serbische Kirche:<\/strong> Die barocke Kirche mit einem Kirchenschiff und Fassadenturm wurde 1773 erbaut und steht unter Denkmalschutz. Die letzte Renovierung erfolgte im Jahr 2002.<\/span><\/p>\n<p><span class=\"Y2IQFc\" lang=\"de\"><strong>Kov\u00e1cs Gal\u00e9ria (K\u00fcnstler Gy\u00f6rgy Kov\u00e1cs 1929\u20132013):<\/strong> Er wurde in Pestszentl\u0151rinc geboren und war noch ein kleines Kind, als er mit seinen Eltern und Geschwistern in das Heimatdorf seiner Mutter, R\u00e1calm\u00e1s, zur\u00fcckzog, wo er seine Kindheit allein in ihrem Haus verbrachte Teil der Insel, entlang der Donau. Er ist ein vielseitiger K\u00fcnstler, der sein Werk neben Gem\u00e4lden und Grafiken auch durch die Schaffung von Illustrationen, B\u00fchnenbildern, Kleinskulpturen, Plakaten, Einladungen und sogar durch die Gestaltung von Denkm\u00e4lern und Parks bereicherte. <\/span><\/p>\n<p><span class=\"Y2IQFc\" lang=\"de\">Er war ein \u00e4u\u00dferst produktiver Maler, dessen Werke sowohl in seinem Heimatland als auch in Europa, einschlie\u00dflich der Schweiz, Deutschland und \u00dcbersee, zu finden sind. <\/span><\/p>\n<p><span class=\"Y2IQFc\" lang=\"de\">In der von ihm in R\u00e1calm\u00e1s geschaffenen Kov\u00e1cs-Galerie k\u00f6nnen Sie seine Dauerausstellung besichtigen, die einen Querschnitt seiner k\u00fcnstlerischen T\u00e4tigkeit pr\u00e4sentiert.<\/span><\/p>\n<p><span class=\"Y2IQFc\" lang=\"de\"><strong>Verkehrsmuseum:<\/strong> Auch in R\u00e1calm\u00e1s erhielten Kriegsversehrte, die die Front besuchten, und Kriegswitwen die M\u00f6glichkeit und das Recht, ein Verkehrsmuseum zu er\u00f6ffnen. Zu dieser Zeit waren in der Siedlung drei solcher H\u00e4ndler ans\u00e4ssig und t\u00e4tig. Im Laufe der Jahre blieb ein Geb\u00e4ude stehen, das die Gemeinde aus eigenen Mitteln erwarb. Nach der Renovierung wurde es im Rahmen der sozialen Zusammenarbeit von Mikl\u00f3s N\u00e9meth, dem stellvertretenden B\u00fcrgermeister, organisiert. Die \u201eGrundlage\u201c des Museums war die Sammlung des Lokalhistorikers Mih\u00e1ly Mosonyi. Ihm ist auch die Einrichtung des Heimatmuseums im Jankovich-Herrenhaus zu einem gro\u00dfen Teil zu verdanken. Von dort \u201ewanderten\u201c ein oder zwei M\u00f6belst\u00fccke in das Trafik-Museum. Dar\u00fcber hinaus brachten die Einwohner von R\u00e1calm\u00e1s zahlreiche Opfergaben dar. So wurde die Ausstellung zu einem Ganzen.<\/span><\/p>\n<p><span class=\"Y2IQFc\" lang=\"de\">Der Zugang zum Verkehr f\u00fchrt durch das Herrenhaus. Bei vorheriger Anmeldung wird die Ausstellung von den Kollegen er\u00f6ffnet und ausf\u00fchrlich erkl\u00e4rt, es kann aber auch jeder 24 Stunden am Tag reinschauen. https:\/\/jankovichkuria.hu\/racalmasi-trafik-muzeum\/<\/span><\/p>\n<p><span class=\"Y2IQFc\" lang=\"de\">Unter den Sehensw\u00fcrdigkeiten unserer Stadt sind das architektonische Erbe von \u00d3falu, bestehend aus zahlreichen Denkm\u00e4lern, der serbische Friedhof und die vielen \u00f6ffentlichen Kunstwerke, deren Zahl dank des Ra\u00e1b Ervin Art Camp zunimmt, erw\u00e4hnenswert, aber w\u00e4hrend a Bei einem Spaziergang lohnt es sich auf jeden Fall, die Kirchen der Stadt zu besichtigen und das Rathaus, das Gesundheitszentrum und das Schulgeb\u00e4ude im Makovecz-Stil zu bewundern.<\/span>[\/vc_column_text][\/vc_column][\/vc_row]<\/p>\n","protected":false},"excerpt":{"rendered":"<p>[vc_row][vc_column][vc_empty_space][\/vc_column][\/vc_row][vc_row][vc_column][vc_custom_heading text=&#8221;Sehensw\u00fcrdigkeiten&#8221; font_container=&#8221;tag:h3|text_align:left&#8221;][\/vc_column][\/vc_row][vc_row][vc_column][vc_column_text] Als\u00f3n\u00e9medi\u00a0\u2013\u00a0Apaj\u00a0\u2013\u00a0\u00c1porka\u00a0\u2013\u00a0Bugyi\u00a0\u2013\u00a0D\u00e9legyh\u00e1za\u00a0\u2013\u00a0D\u00f6ms\u00f6d\u00a0\u2013\u00a0Dunaharaszti\u00a0\u2013\u00a0Dunavars\u00e1ny\u00a0\u2013\u00a0Hal\u00e1sztelek Kiskunlach\u00e1za\u00a0\u2013\u00a0Kulcs\u00a0\u2013\u00a0L\u00f3r\u00e9v\u00a0\u2013\u00a0Majosh\u00e1za\u00a0\u2013\u00a0Mak\u00e1d\u00a0\u2013\u00a0R\u00e1calm\u00e1s\u00a0\u2013\u00a0R\u00e1ckeve\u00a0\u2013\u00a0Szigetbecse\u00a0\u2013\u00a0Szigetcs\u00e9p Szigethalom\u00a0\u2013\u00a0Szigetszentm\u00e1rton\u00a0\u2013\u00a0Szigetszentmikl\u00f3s\u00a0\u2013\u00a0Sziget\u00fajfalu\u00a0\u2013\u00a0Taksony\u00a0\u2013\u00a0T\u00f6k\u00f6l [\/vc_column_text][\/vc_column][\/vc_row][vc_row][vc_column][vc_empty_space height=&#8221;62px&#8221;][\/vc_column][\/vc_row][vc_row][vc_column width=&#8221;2\/3&#8243;][vc_column_text] R\u00e1calm\u00e1s [\/vc_column_text][\/vc_column][vc_column width=&#8221;1\/3&#8243;][\/vc_column][\/vc_row][vc_row][vc_column][vc_column_text]\u00a0 Jankovich-Herrenhaus: Das Jankovich-Herrenhaus, ein barockes Baudenkmal umgeben von einem malerischen Park, ist der sch\u00f6nste Geb\u00e4udekomplex der Region, in dem die Gemeinde ein \u00d6kotourismus- und Veranstaltungszentrum entwickelt hat. Der park des Herrenhauses, der im 18. Jahrhundert gebaut hat, ist zu jeder Tageszeit ge\u00f6ffnet. Mit<\/p>\n<a href=\"https:\/\/tourinformrackeve.hu\/de\/?page_id=1556\" class=\"sohohotel-more-link\">Read More<i class=\"fa fa-angle-right\"><\/i><\/a>","protected":false},"author":1,"featured_media":0,"parent":0,"menu_order":0,"comment_status":"closed","ping_status":"closed","template":"","meta":[],"_links":{"self":[{"href":"https:\/\/tourinformrackeve.hu\/de\/index.php?rest_route=\/wp\/v2\/pages\/1556"}],"collection":[{"href":"https:\/\/tourinformrackeve.hu\/de\/index.php?rest_route=\/wp\/v2\/pages"}],"about":[{"href":"https:\/\/tourinformrackeve.hu\/de\/index.php?rest_route=\/wp\/v2\/types\/page"}],"author":[{"embeddable":true,"href":"https:\/\/tourinformrackeve.hu\/de\/index.php?rest_route=\/wp\/v2\/users\/1"}],"replies":[{"embeddable":true,"href":"https:\/\/tourinformrackeve.hu\/de\/index.php?rest_route=%2Fwp%2Fv2%2Fcomments&post=1556"}],"version-history":[{"count":7,"href":"https:\/\/tourinformrackeve.hu\/de\/index.php?rest_route=\/wp\/v2\/pages\/1556\/revisions"}],"predecessor-version":[{"id":1982,"href":"https:\/\/tourinformrackeve.hu\/de\/index.php?rest_route=\/wp\/v2\/pages\/1556\/revisions\/1982"}],"wp:attachment":[{"href":"https:\/\/tourinformrackeve.hu\/de\/index.php?rest_route=%2Fwp%2Fv2%2Fmedia&parent=1556"}],"curies":[{"name":"wp","href":"https:\/\/api.w.org\/{rel}","templated":true}]}}