{"id":1430,"date":"2021-03-08T13:09:58","date_gmt":"2021-03-08T13:09:58","guid":{"rendered":"http:\/\/syss.hu\/?page_id=1430"},"modified":"2021-04-05T00:17:40","modified_gmt":"2021-04-05T00:17:40","slug":"kisterseg-alsonemedi","status":"publish","type":"page","link":"https:\/\/tourinformrackeve.hu\/en\/?page_id=1430","title":{"rendered":"Small region-Als\u00f3n\u00e9medi"},"content":{"rendered":"<p>[vc_row][vc_column][vc_empty_space][\/vc_column][\/vc_row][vc_row][vc_column][vc_custom_heading text=&#8221;Small region&#8221; font_container=&#8221;tag:h3|text_align:left&#8221;][\/vc_column][\/vc_row][vc_row][vc_column][vc_column_text]<\/p>\n<p style=\"text-align: center;\"><a href=\"https:\/\/tourinformrackeve.hu\/en\/?page_id=1430\">Als\u00f3n\u00e9medi<\/a>\u00a0\u2013\u00a0<a href=\"https:\/\/tourinformrackeve.hu\/en\/?page_id=1354\">Apaj\u00a0<\/a>\u2013\u00a0<a href=\"https:\/\/tourinformrackeve.hu\/en\/?page_id=1370\">\u00c1porka\u00a0<\/a>\u2013\u00a0<a href=\"https:\/\/tourinformrackeve.hu\/en\/?page_id=1431\">Bugyi<\/a>\u00a0\u2013\u00a0<a href=\"https:\/\/tourinformrackeve.hu\/en\/?page_id=1374\">D\u00e9legyh\u00e1za\u00a0<\/a>\u2013\u00a0<a href=\"https:\/\/tourinformrackeve.hu\/en\/?page_id=1377\">D\u00f6ms\u00f6d\u00a0<\/a>\u2013\u00a0<a href=\"https:\/\/tourinformrackeve.hu\/en\/?page_id=1381\">Dunaharaszti\u00a0<\/a>\u2013\u00a0<a href=\"https:\/\/tourinformrackeve.hu\/en\/?page_id=1384\">Dunavars\u00e1ny\u00a0<\/a>\u2013\u00a0<a href=\"https:\/\/tourinformrackeve.hu\/en\/?page_id=1387\">Hal\u00e1sztelek<\/a><br \/>\n<a href=\"https:\/\/tourinformrackeve.hu\/en\/?page_id=1390\">Kiskunlach\u00e1za\u00a0<\/a>\u2013\u00a0<a href=\"https:\/\/tourinformrackeve.hu\/en\/?page_id=1432\">Kulcs\u00a0<\/a>\u2013\u00a0<a href=\"https:\/\/tourinformrackeve.hu\/en\/?page_id=1393\">L\u00f3r\u00e9v<\/a>\u00a0\u2013\u00a0<a href=\"https:\/\/tourinformrackeve.hu\/en\/?page_id=1397\">Majosh\u00e1za<\/a>\u00a0\u2013\u00a0<a href=\"https:\/\/tourinformrackeve.hu\/en\/?page_id=1400\">Mak\u00e1d<\/a>\u00a0\u2013\u00a0<a href=\"https:\/\/tourinformrackeve.hu\/en\/?page_id=1433\">R\u00e1calm\u00e1s<\/a>\u00a0\u2013\u00a0<a href=\"https:\/\/tourinformrackeve.hu\/en\/?page_id=1403\">R\u00e1ckeve<\/a>\u00a0\u2013\u00a0<a href=\"https:\/\/tourinformrackeve.hu\/en\/?page_id=1406\">Szigetbecse<\/a>\u00a0\u2013\u00a0<a href=\"https:\/\/tourinformrackeve.hu\/en\/?page_id=1409\">Szigetcs\u00e9p<\/a><br \/>\n<a href=\"https:\/\/tourinformrackeve.hu\/en\/?page_id=1412\">Szigethalom<\/a>\u00a0\u2013\u00a0<a href=\"https:\/\/tourinformrackeve.hu\/en\/?page_id=1415\">Szigetszentm\u00e1rton<\/a>\u00a0\u2013\u00a0<a href=\"https:\/\/tourinformrackeve.hu\/en\/?page_id=1418\">Szigetszentmikl\u00f3s<\/a>\u00a0\u2013\u00a0<a href=\"https:\/\/tourinformrackeve.hu\/en\/?page_id=1421\">Sziget\u00fajfalu<\/a>\u00a0\u2013\u00a0<a href=\"https:\/\/tourinformrackeve.hu\/en\/?page_id=1424\">Taksony<\/a>\u00a0\u2013\u00a0<a href=\"https:\/\/tourinformrackeve.hu\/en\/?page_id=1427\">T\u00f6k\u00f6l<\/a><\/p>\n<p>[\/vc_column_text][\/vc_column][\/vc_row][vc_row][vc_column][vc_empty_space height=&#8221;62px&#8221;][\/vc_column][\/vc_row][vc_row][vc_column width=&#8221;2\/3&#8243;][vc_column_text]<\/p>\n<h3><span style=\"color: #d0103a;\">Als\u00f3n\u00e9medi<\/span><\/h3>\n<p>Als\u00f3n\u00e9medi nagyk\u00f6zs\u00e9g a Duna\u2013Tisza k\u00f6z\u00e9n, Budapest vonz\u00e1sk\u00f6rzet\u00e9ben fekszik, a f\u0151v\u00e1ros k\u00f6zvetlen d\u00e9li szomsz\u00e9ds\u00e1g\u00e1ban, az M0-s aut\u00f3\u00fatt\u00f3l 8 kilom\u00e9terre, az 5-\u00f6s f\u0151\u00fat ment\u00e9n.<\/p>\n<p>&nbsp;<\/p>\n<p><strong>Als\u00f3n\u00e9medi Nagyk\u00f6zs\u00e9g Polg\u00e1rmesteri Hivatala<\/strong><br \/>\n2351 Als\u00f3n\u00e9medi, F\u0151 u. 58.<br \/>\nTelefon: 29\/337-101<br \/>\nFax: 29\/337-250<br \/>\nE-mail: <a href=\"mailto:alsonemedi@alsonemedi.hu\">alsonemedi@alsonemedi.hu<\/a><br \/>\nHonlap: <a href=\"http:\/\/www.alsonemedi.hu\/\">www.alsonemedi.hu<\/a>[\/vc_column_text][\/vc_column][vc_column width=&#8221;1\/3&#8243;][vc_empty_space height=&#8221;62px&#8221;][vc_single_image image=&#8221;1660&#8243; img_size=&#8221;full&#8221; alignment=&#8221;center&#8221;][\/vc_column][\/vc_row][vc_row][vc_column][vc_column_text]Als\u00f3n\u00e9medi, Pest megye egyik legr\u00e9gebben lakott helye. Az els\u0151 \u00edr\u00e1sos eml\u00e9kek 1067-ben keletkeztek. Ezen id\u0151pontt\u00f3l sz\u00e1m\u00edtj\u00e1k a telep\u00fcl\u00e9s t\u00f6rt\u00e9nelm\u00e9t, teh\u00e1t a folyamatoss\u00e1g m\u00e1r a kora \u00c1rp\u00e1d-kort\u00f3l igazolhat\u00f3. B\u00e1r a h\u00e1bor\u00fak miatt az \u0151slakoss\u00e1g t\u00f6bbsz\u00f6r k\u00e9nyszer\u00fclt elhagyni lakhely\u00e9t, a t\u00fal\u00e9l\u0151k az \u00faj betelep\u00fcl\u0151kkel egy\u00fctt n\u00e9h\u00e1ny \u00e9v m\u00falva ism\u00e9t ben\u00e9pes\u00edtett\u00e9k a telep\u00fcl\u00e9st.\u00a0 A falu 1398-t\u00f3l eg\u00e9szen 1945-ig folyamatosan a v\u00e1ci p\u00fcsp\u00f6ks\u00e9g birtoka volt. A sz\u00e1zadok sor\u00e1n a lakoss\u00e1g k\u00e9tvall\u00e1s\u00fa (reform\u00e1tus, illetve katolikus) lett, amit a telep\u00fcl\u00e9sszerkezet is t\u00fckr\u00f6z\u00f6tt. A protest\u00e1nsok az Alszeg, m\u00edg a katolikusok a Felszeg (Budapesthez k\u00f6zelebb) lak\u00f3i voltak. A kor\u00e1bban m\u00e1r eml\u00edtett folyamatoss\u00e1g, a r\u00e9gi\u00f3 m\u00e1s telep\u00fcl\u00e9seihez k\u00e9pest kedvez\u0151bb termel\u00e9si felt\u00e9telek, a f\u0151v\u00e1ros k\u00f6zels\u00e9ge, a keresked\u0151i, \u00e9s a v\u00e1llalkoz\u00f3i hagyom\u00e1nyok egy\u00fcttes hat\u00e1s\u00e1ra Als\u00f3n\u00e9medi kor\u00e1n konszolid\u00e1l\u00f3dott. Ezt jelzi a &#8220;Kis- Kecskem\u00e9t&#8221; jelz\u0151, a XIX. sz\u00e1zad v\u00e9g\u00e9n megkapott orsz\u00e1gos v\u00e1s\u00e1rtart\u00e1si jog \u00e9s a mez\u0151v\u00e1rosi besorol\u00e1s is. Az \u00e9vsz\u00e1zadok folyam\u00e1n kialakult t\u00e1rsadalmi strukt\u00far\u00e1ra er\u0151s n\u00e9prajzi, vall\u00e1si, termel\u00e9si, keresked\u0151i trad\u00edci\u00f3kra \u00e9p\u00fcltek, t\u00f6bb gazdas\u00e1gi \u00e9s civil t\u00f6m\u00f6r\u00fcl\u00e9s, egyes\u00fclet j\u00f6tt l\u00e9tre. B\u00e1r a mez\u0151gazdas\u00e1gi kollektivit\u00e1st nem tudt\u00e1k megakad\u00e1lyozni, azt azonban el\u00e9rt\u00e9k, hogy a szaksz\u00f6vetkezetet nem t\u00e9eszes\u00edtett\u00e9k, \u00e9s a r\u00e9gi\u00f3ban l\u00e9v\u0151 orsz\u00e1gos h\u00edr\u0171 gazdas\u00e1ggal val\u00f3 egyes\u00edt\u00e9s\u00e9t is megakad\u00e1lyozt\u00e1k.<\/p>\n<p>A nyolcvanas \u00e9vek v\u00e9g\u00e9n a n\u00e9medi gazd\u00e1k voltak &#8211; orsz\u00e1gosan is &#8211; az els\u0151k, akik nyitottak a mag\u00e1ngazd\u00e1lkod\u00e1s kialak\u00edt\u00e1s\u00e1ra. Als\u00f3n\u00e9medi lak\u00f3inak t\u00f6bbs\u00e9ge ma is a mez\u0151gazdas\u00e1gb\u00f3l \u00e9l \u00e9s gyarapodik. A t\u00f6bbi akt\u00edv keres\u0151, r\u00e9szben az ut\u00f3bbi \u00e9vtizedben betelep\u00fclt \u00e9s meger\u0151s\u00f6d\u00f6tt v\u00e1llalkoz\u00f3i szf\u00e9r\u00e1ban, r\u00e9szben pedig m\u00e9g mindig a f\u0151v\u00e1rosban tal\u00e1lja meg a\u00a0 munkahely\u00e9t.<\/p>\n<p>A helyi rendszerv\u00e1lt\u00e1s \u00f3ta (1990) a telep\u00fcl\u00e9s rohamos fejl\u0151d\u00e9snek indult. Ezt bizony\u00edtja az is, hogy ism\u00e9t n\u0151 a lakoss\u00e1g (f\u0151leg a fiatal \u00e9s k\u00f6z\u00e9pkor\u00fa) l\u00e9tsz\u00e1ma. T\u00edz \u00e9ven bel\u00fcl m\u00e1r m\u00e1sodszor mutatkozik ig\u00e9ny az \u00f3voda \u00e9s az \u00e1ltal\u00e1nos iskola b\u0151v\u00edt\u00e9s\u00e9re. Az elm\u00falt \u00e9vtizedben ki\u00e9p\u00fclt a teljes vezet\u00e9kes infrastrukt\u00fara. A telep\u00fcl\u00e9s \u00e9szaki \u00e9s d\u00e9li v\u00e1llalkoz\u00f3i ter\u00fclet\u00e9n egyre t\u00f6bb c\u00e9g telepedik le. Ebben a nagyk\u00f6zs\u00e9gben tal\u00e1lhat\u00f3 a CBA, a Penny Market \u00e9s a GLS Hungary sz\u00e9khelye is.[\/vc_column_text][\/vc_column][\/vc_row]<\/p>\n","protected":false},"excerpt":{"rendered":"<p>[vc_row][vc_column][vc_empty_space][\/vc_column][\/vc_row][vc_row][vc_column][vc_custom_heading text=&#8221;Small region&#8221; font_container=&#8221;tag:h3|text_align:left&#8221;][\/vc_column][\/vc_row][vc_row][vc_column][vc_column_text] Als\u00f3n\u00e9medi\u00a0\u2013\u00a0Apaj\u00a0\u2013\u00a0\u00c1porka\u00a0\u2013\u00a0Bugyi\u00a0\u2013\u00a0D\u00e9legyh\u00e1za\u00a0\u2013\u00a0D\u00f6ms\u00f6d\u00a0\u2013\u00a0Dunaharaszti\u00a0\u2013\u00a0Dunavars\u00e1ny\u00a0\u2013\u00a0Hal\u00e1sztelek Kiskunlach\u00e1za\u00a0\u2013\u00a0Kulcs\u00a0\u2013\u00a0L\u00f3r\u00e9v\u00a0\u2013\u00a0Majosh\u00e1za\u00a0\u2013\u00a0Mak\u00e1d\u00a0\u2013\u00a0R\u00e1calm\u00e1s\u00a0\u2013\u00a0R\u00e1ckeve\u00a0\u2013\u00a0Szigetbecse\u00a0\u2013\u00a0Szigetcs\u00e9p Szigethalom\u00a0\u2013\u00a0Szigetszentm\u00e1rton\u00a0\u2013\u00a0Szigetszentmikl\u00f3s\u00a0\u2013\u00a0Sziget\u00fajfalu\u00a0\u2013\u00a0Taksony\u00a0\u2013\u00a0T\u00f6k\u00f6l [\/vc_column_text][\/vc_column][\/vc_row][vc_row][vc_column][vc_empty_space height=&#8221;62px&#8221;][\/vc_column][\/vc_row][vc_row][vc_column width=&#8221;2\/3&#8243;][vc_column_text] Als\u00f3n\u00e9medi Als\u00f3n\u00e9medi nagyk\u00f6zs\u00e9g a Duna\u2013Tisza k\u00f6z\u00e9n, Budapest vonz\u00e1sk\u00f6rzet\u00e9ben fekszik, a f\u0151v\u00e1ros k\u00f6zvetlen d\u00e9li szomsz\u00e9ds\u00e1g\u00e1ban, az M0-s aut\u00f3\u00fatt\u00f3l 8 kilom\u00e9terre, az 5-\u00f6s f\u0151\u00fat ment\u00e9n. &nbsp; Als\u00f3n\u00e9medi Nagyk\u00f6zs\u00e9g Polg\u00e1rmesteri Hivatala 2351 Als\u00f3n\u00e9medi, F\u0151 u. 58. Telefon: 29\/337-101 Fax: 29\/337-250 E-mail: alsonemedi@alsonemedi.hu Honlap: www.alsonemedi.hu[\/vc_column_text][\/vc_column][vc_column width=&#8221;1\/3&#8243;][vc_empty_space height=&#8221;62px&#8221;][vc_single_image image=&#8221;1660&#8243; img_size=&#8221;full&#8221;<\/p>\n<a href=\"https:\/\/tourinformrackeve.hu\/en\/?page_id=1430\" class=\"sohohotel-more-link\">Read More<i class=\"fa fa-angle-right\"><\/i><\/a>","protected":false},"author":1,"featured_media":0,"parent":0,"menu_order":0,"comment_status":"closed","ping_status":"closed","template":"","meta":[],"_links":{"self":[{"href":"https:\/\/tourinformrackeve.hu\/en\/index.php?rest_route=\/wp\/v2\/pages\/1430"}],"collection":[{"href":"https:\/\/tourinformrackeve.hu\/en\/index.php?rest_route=\/wp\/v2\/pages"}],"about":[{"href":"https:\/\/tourinformrackeve.hu\/en\/index.php?rest_route=\/wp\/v2\/types\/page"}],"author":[{"embeddable":true,"href":"https:\/\/tourinformrackeve.hu\/en\/index.php?rest_route=\/wp\/v2\/users\/1"}],"replies":[{"embeddable":true,"href":"https:\/\/tourinformrackeve.hu\/en\/index.php?rest_route=%2Fwp%2Fv2%2Fcomments&post=1430"}],"version-history":[{"count":6,"href":"https:\/\/tourinformrackeve.hu\/en\/index.php?rest_route=\/wp\/v2\/pages\/1430\/revisions"}],"predecessor-version":[{"id":1808,"href":"https:\/\/tourinformrackeve.hu\/en\/index.php?rest_route=\/wp\/v2\/pages\/1430\/revisions\/1808"}],"wp:attachment":[{"href":"https:\/\/tourinformrackeve.hu\/en\/index.php?rest_route=%2Fwp%2Fv2%2Fmedia&parent=1430"}],"curies":[{"name":"wp","href":"https:\/\/api.w.org\/{rel}","templated":true}]}}