{"id":1518,"date":"2021-03-22T12:25:32","date_gmt":"2021-03-22T12:25:32","guid":{"rendered":"https:\/\/tourinformrackeve.hu\/?page_id=1518"},"modified":"2021-04-05T10:23:22","modified_gmt":"2021-04-05T10:23:22","slug":"latnivalok-alsonemedi","status":"publish","type":"page","link":"https:\/\/tourinformrackeve.hu\/en\/?page_id=1518","title":{"rendered":"Sights-Als\u00f3n\u00e9medi"},"content":{"rendered":"<p>[vc_row][vc_column][vc_empty_space][\/vc_column][\/vc_row][vc_row][vc_column][vc_custom_heading text=&#8221;Sights&#8221; font_container=&#8221;tag:h3|text_align:left&#8221;][\/vc_column][\/vc_row][vc_row][vc_column][vc_column_text]<\/p>\n<p style=\"text-align: center;\"><a href=\"https:\/\/tourinformrackeve.hu\/en\/?page_id=1518\">Als\u00f3n\u00e9medi<\/a>\u00a0\u2013\u00a0<a href=\"https:\/\/tourinformrackeve.hu\/en\/?page_id=1520\">Apaj\u00a0<\/a>\u2013\u00a0<a href=\"https:\/\/tourinformrackeve.hu\/en\/?page_id=1526\">\u00c1porka\u00a0<\/a>\u2013\u00a0<a href=\"https:\/\/tourinformrackeve.hu\/en\/?page_id=1529\">Bugyi<\/a>\u00a0\u2013\u00a0<a href=\"https:\/\/tourinformrackeve.hu\/en\/?page_id=1533\">D\u00e9legyh\u00e1za\u00a0<\/a>\u2013\u00a0<a href=\"https:\/\/tourinformrackeve.hu\/en\/?page_id=1535\">D\u00f6ms\u00f6d\u00a0<\/a>\u2013\u00a0<a href=\"https:\/\/tourinformrackeve.hu\/en\/?page_id=1537\">Dunaharaszti\u00a0<\/a>\u2013\u00a0<a href=\"https:\/\/tourinformrackeve.hu\/en\/?page_id=1540\">Dunavars\u00e1ny\u00a0<\/a>\u2013\u00a0<a href=\"https:\/\/tourinformrackeve.hu\/en\/?page_id=1542\">Hal\u00e1sztelek<\/a><br \/>\n<a href=\"https:\/\/tourinformrackeve.hu\/en\/?page_id=1544\">Kiskunlach\u00e1za\u00a0<\/a>\u2013\u00a0<a href=\"https:\/\/tourinformrackeve.hu\/en\/?page_id=1547\">Kulcs\u00a0<\/a>\u2013\u00a0<a href=\"https:\/\/tourinformrackeve.hu\/en\/?page_id=1549\">L\u00f3r\u00e9v<\/a>\u00a0\u2013\u00a0<a href=\"https:\/\/tourinformrackeve.hu\/en\/?page_id=1552\">Majosh\u00e1za<\/a>\u00a0\u2013\u00a0<a href=\"https:\/\/tourinformrackeve.hu\/en\/?page_id=1554\">Mak\u00e1d<\/a>\u00a0\u2013\u00a0<a href=\"https:\/\/tourinformrackeve.hu\/en\/?page_id=1556\">R\u00e1calm\u00e1s<\/a>\u00a0\u2013\u00a0<a href=\"https:\/\/tourinformrackeve.hu\/en\/?page_id=1558\">R\u00e1ckeve<\/a>\u00a0\u2013\u00a0<a href=\"https:\/\/tourinformrackeve.hu\/en\/?page_id=1560\">Szigetbecse<\/a>\u00a0\u2013\u00a0<a href=\"https:\/\/tourinformrackeve.hu\/en\/?page_id=1563\">Szigetcs\u00e9p<\/a><br \/>\n<a href=\"https:\/\/tourinformrackeve.hu\/en\/?page_id=1565\">Szigethalom<\/a>\u00a0\u2013\u00a0<a href=\"https:\/\/tourinformrackeve.hu\/en\/?page_id=1567\">Szigetszentm\u00e1rton<\/a>\u00a0\u2013\u00a0<a href=\"https:\/\/tourinformrackeve.hu\/en\/?page_id=1569\">Szigetszentmikl\u00f3s<\/a>\u00a0\u2013\u00a0<a href=\"https:\/\/tourinformrackeve.hu\/en\/?page_id=1571\">Sziget\u00fajfalu<\/a>\u00a0\u2013\u00a0<a href=\"https:\/\/tourinformrackeve.hu\/en\/?page_id=1573\">Taksony<\/a>\u00a0\u2013\u00a0<a href=\"https:\/\/tourinformrackeve.hu\/en\/?page_id=1575\">T\u00f6k\u00f6l<\/a><\/p>\n<p>[\/vc_column_text][\/vc_column][\/vc_row][vc_row][vc_column][vc_empty_space height=&#8221;62px&#8221;][\/vc_column][\/vc_row][vc_row][vc_column][vc_column_text]<\/p>\n<h3><span style=\"color: #d0103a;\">Als\u00f3n\u00e9medi<\/span><\/h3>\n<p><strong>Faluh\u00e1z Als\u00f3n\u00e9medi:<\/strong> Als\u00f3n\u00e9medi Nagyk\u00f6zs\u00e9g Faluh\u00e1za 1995\/96-ban a honfoglal\u00e1s millecenten\u00e1rium\u00e1nak tisztelet\u00e9re \u00e9p\u00fclt. A Faluh\u00e1z berendez\u00e9s\u00e9t, n\u00e9prajzi anyag\u00e1t a falu lakoss\u00e1ga adta \u00f6ssze; az els\u0151 gy\u0171jt\u00e9seket a Sz\u00e9chenyi Istv\u00e1n \u00c1ltal\u00e1nos Iskola pedag\u00f3gusainak ir\u00e1ny\u00edt\u00e1s\u00e1val a gyermekek v\u00e9gezt\u00e9k. A gy\u0171jtem\u00e9ny a mai napig gyarapodik, b\u0151v\u00fcl, sz\u00e9p\u00fcl, a lakoss\u00e1g hagyom\u00e1ny\u00e1pol\u00e1s\u00e1nak \u00e9s m\u00falttisztelet\u00e9nek k\u00f6sz\u00f6nhet\u0151en.<\/p>\n<p>A Faluh\u00e1z Als\u00f3n\u00e9medi k\u00f6zs\u00e9g n\u00e9prajzi gy\u0171jtem\u00e9ny\u00e9nek ki\u00e1ll\u00edt\u00f3helye, tov\u00e1bb\u00e1 helyet ad k\u00fcl\u00f6nb\u00f6z\u0151 programoknak, el\u0151ad\u00e1soknak, filmvet\u00edt\u00e9snek, k\u00e9pm\u0171ves foglalkoz\u00e1soknak.<\/p>\n<p>A Faluh\u00e1z nyitva tart\u00e1sa: vas\u00e1rnaponk\u00e9nt 15-18 \u00f3ra k\u00f6z\u00f6tt.<\/p>\n<p>M\u00e1s id\u0151pontban el\u0151zetes egyeztet\u00e9ssel \u00e1llunk a l\u00e1togat\u00f3k rendelkez\u00e9s\u00e9re.<\/p>\n<p>Als\u00f3n\u00e9medi Nagyk\u00f6zs\u00e9g Honlapj\u00e1n tov\u00e1bbi inform\u00e1ci\u00f3k, k\u00e9pek, programok is megtekinthet\u0151k.<\/p>\n<p><strong>El\u00e9rhet\u0151s\u00e9geink:<\/strong><br \/>\n<strong>Kapcsolattart\u00f3: Jobb\u00e1gy Ilona,<\/strong><br \/>\n<strong>Hal\u00e1szy K\u00e1roly M\u0171vel\u0151d\u00e9si H\u00e1z<\/strong><br \/>\nAls\u00f3n\u00e9medi, D\u00f3zsa Gy\u00f6rgy t\u00e9r 2.<\/p>\n<p>C\u00edm: Faluh\u00e1z, 2351. Als\u00f3n\u00e9medi, Iskola u. 1\/b.<br \/>\nE-mail: <a href=\"mailto:nemedi.faluhaz@gmail.com\">nemedi.faluhaz@gmail.com<\/a><br \/>\nTel: 70-771-2692<\/p>\n<p><strong>Szent Kereszt felmagasztal\u00e1sa r\u00f3mai katolikus templom (barokk st\u00edlus\u00fa)<\/strong><\/p>\n<p><strong>Reform\u00e1tus templom (barokk)<\/strong>[\/vc_column_text][\/vc_column][\/vc_row]<\/p>\n","protected":false},"excerpt":{"rendered":"<p>[vc_row][vc_column][vc_empty_space][\/vc_column][\/vc_row][vc_row][vc_column][vc_custom_heading text=&#8221;Sights&#8221; font_container=&#8221;tag:h3|text_align:left&#8221;][\/vc_column][\/vc_row][vc_row][vc_column][vc_column_text] Als\u00f3n\u00e9medi\u00a0\u2013\u00a0Apaj\u00a0\u2013\u00a0\u00c1porka\u00a0\u2013\u00a0Bugyi\u00a0\u2013\u00a0D\u00e9legyh\u00e1za\u00a0\u2013\u00a0D\u00f6ms\u00f6d\u00a0\u2013\u00a0Dunaharaszti\u00a0\u2013\u00a0Dunavars\u00e1ny\u00a0\u2013\u00a0Hal\u00e1sztelek Kiskunlach\u00e1za\u00a0\u2013\u00a0Kulcs\u00a0\u2013\u00a0L\u00f3r\u00e9v\u00a0\u2013\u00a0Majosh\u00e1za\u00a0\u2013\u00a0Mak\u00e1d\u00a0\u2013\u00a0R\u00e1calm\u00e1s\u00a0\u2013\u00a0R\u00e1ckeve\u00a0\u2013\u00a0Szigetbecse\u00a0\u2013\u00a0Szigetcs\u00e9p Szigethalom\u00a0\u2013\u00a0Szigetszentm\u00e1rton\u00a0\u2013\u00a0Szigetszentmikl\u00f3s\u00a0\u2013\u00a0Sziget\u00fajfalu\u00a0\u2013\u00a0Taksony\u00a0\u2013\u00a0T\u00f6k\u00f6l [\/vc_column_text][\/vc_column][\/vc_row][vc_row][vc_column][vc_empty_space height=&#8221;62px&#8221;][\/vc_column][\/vc_row][vc_row][vc_column][vc_column_text] Als\u00f3n\u00e9medi Faluh\u00e1z Als\u00f3n\u00e9medi: Als\u00f3n\u00e9medi Nagyk\u00f6zs\u00e9g Faluh\u00e1za 1995\/96-ban a honfoglal\u00e1s millecenten\u00e1rium\u00e1nak tisztelet\u00e9re \u00e9p\u00fclt. A Faluh\u00e1z berendez\u00e9s\u00e9t, n\u00e9prajzi anyag\u00e1t a falu lakoss\u00e1ga adta \u00f6ssze; az els\u0151 gy\u0171jt\u00e9seket a Sz\u00e9chenyi Istv\u00e1n \u00c1ltal\u00e1nos Iskola pedag\u00f3gusainak ir\u00e1ny\u00edt\u00e1s\u00e1val a gyermekek v\u00e9gezt\u00e9k. A gy\u0171jtem\u00e9ny a mai napig gyarapodik, b\u0151v\u00fcl, sz\u00e9p\u00fcl, a lakoss\u00e1g hagyom\u00e1ny\u00e1pol\u00e1s\u00e1nak \u00e9s<\/p>\n<a href=\"https:\/\/tourinformrackeve.hu\/en\/?page_id=1518\" class=\"sohohotel-more-link\">Read More<i class=\"fa fa-angle-right\"><\/i><\/a>","protected":false},"author":1,"featured_media":0,"parent":0,"menu_order":0,"comment_status":"closed","ping_status":"closed","template":"","meta":[],"_links":{"self":[{"href":"https:\/\/tourinformrackeve.hu\/en\/index.php?rest_route=\/wp\/v2\/pages\/1518"}],"collection":[{"href":"https:\/\/tourinformrackeve.hu\/en\/index.php?rest_route=\/wp\/v2\/pages"}],"about":[{"href":"https:\/\/tourinformrackeve.hu\/en\/index.php?rest_route=\/wp\/v2\/types\/page"}],"author":[{"embeddable":true,"href":"https:\/\/tourinformrackeve.hu\/en\/index.php?rest_route=\/wp\/v2\/users\/1"}],"replies":[{"embeddable":true,"href":"https:\/\/tourinformrackeve.hu\/en\/index.php?rest_route=%2Fwp%2Fv2%2Fcomments&post=1518"}],"version-history":[{"count":8,"href":"https:\/\/tourinformrackeve.hu\/en\/index.php?rest_route=\/wp\/v2\/pages\/1518\/revisions"}],"predecessor-version":[{"id":1871,"href":"https:\/\/tourinformrackeve.hu\/en\/index.php?rest_route=\/wp\/v2\/pages\/1518\/revisions\/1871"}],"wp:attachment":[{"href":"https:\/\/tourinformrackeve.hu\/en\/index.php?rest_route=%2Fwp%2Fv2%2Fmedia&parent=1518"}],"curies":[{"name":"wp","href":"https:\/\/api.w.org\/{rel}","templated":true}]}}