{"id":1529,"date":"2021-03-22T12:45:45","date_gmt":"2021-03-22T12:45:45","guid":{"rendered":"https:\/\/tourinformrackeve.hu\/?page_id=1529"},"modified":"2021-04-05T10:21:41","modified_gmt":"2021-04-05T10:21:41","slug":"latnivalok-bugyi","status":"publish","type":"page","link":"https:\/\/tourinformrackeve.hu\/en\/?page_id=1529","title":{"rendered":"Sights-Bugyi"},"content":{"rendered":"<p>[vc_row][vc_column][vc_empty_space][\/vc_column][\/vc_row][vc_row][vc_column][vc_custom_heading text=&#8221;Sights&#8221; font_container=&#8221;tag:h3|text_align:left&#8221;][\/vc_column][\/vc_row][vc_row][vc_column][vc_column_text]<\/p>\n<p style=\"text-align: center;\"><a href=\"https:\/\/tourinformrackeve.hu\/en\/?page_id=1518\">Als\u00f3n\u00e9medi<\/a>\u00a0\u2013\u00a0<a href=\"https:\/\/tourinformrackeve.hu\/en\/?page_id=1520\">Apaj\u00a0<\/a>\u2013\u00a0<a href=\"https:\/\/tourinformrackeve.hu\/en\/?page_id=1526\">\u00c1porka\u00a0<\/a>\u2013\u00a0<a href=\"https:\/\/tourinformrackeve.hu\/en\/?page_id=1529\">Bugyi<\/a>\u00a0\u2013\u00a0<a href=\"https:\/\/tourinformrackeve.hu\/en\/?page_id=1533\">D\u00e9legyh\u00e1za\u00a0<\/a>\u2013\u00a0<a href=\"https:\/\/tourinformrackeve.hu\/en\/?page_id=1535\">D\u00f6ms\u00f6d\u00a0<\/a>\u2013\u00a0<a href=\"https:\/\/tourinformrackeve.hu\/en\/?page_id=1537\">Dunaharaszti\u00a0<\/a>\u2013\u00a0<a href=\"https:\/\/tourinformrackeve.hu\/en\/?page_id=1540\">Dunavars\u00e1ny\u00a0<\/a>\u2013\u00a0<a href=\"https:\/\/tourinformrackeve.hu\/en\/?page_id=1542\">Hal\u00e1sztelek<\/a><br \/>\n<a href=\"https:\/\/tourinformrackeve.hu\/en\/?page_id=1544\">Kiskunlach\u00e1za\u00a0<\/a>\u2013\u00a0<a href=\"https:\/\/tourinformrackeve.hu\/en\/?page_id=1547\">Kulcs\u00a0<\/a>\u2013\u00a0<a href=\"https:\/\/tourinformrackeve.hu\/en\/?page_id=1549\">L\u00f3r\u00e9v<\/a>\u00a0\u2013\u00a0<a href=\"https:\/\/tourinformrackeve.hu\/en\/?page_id=1552\">Majosh\u00e1za<\/a>\u00a0\u2013\u00a0<a href=\"https:\/\/tourinformrackeve.hu\/en\/?page_id=1554\">Mak\u00e1d<\/a>\u00a0\u2013\u00a0<a href=\"https:\/\/tourinformrackeve.hu\/en\/?page_id=1556\">R\u00e1calm\u00e1s<\/a>\u00a0\u2013\u00a0<a href=\"https:\/\/tourinformrackeve.hu\/en\/?page_id=1558\">R\u00e1ckeve<\/a>\u00a0\u2013\u00a0<a href=\"https:\/\/tourinformrackeve.hu\/en\/?page_id=1560\">Szigetbecse<\/a>\u00a0\u2013\u00a0<a href=\"https:\/\/tourinformrackeve.hu\/en\/?page_id=1563\">Szigetcs\u00e9p<\/a><br \/>\n<a href=\"https:\/\/tourinformrackeve.hu\/en\/?page_id=1565\">Szigethalom<\/a>\u00a0\u2013\u00a0<a href=\"https:\/\/tourinformrackeve.hu\/en\/?page_id=1567\">Szigetszentm\u00e1rton<\/a>\u00a0\u2013\u00a0<a href=\"https:\/\/tourinformrackeve.hu\/en\/?page_id=1569\">Szigetszentmikl\u00f3s<\/a>\u00a0\u2013\u00a0<a href=\"https:\/\/tourinformrackeve.hu\/en\/?page_id=1571\">Sziget\u00fajfalu<\/a>\u00a0\u2013\u00a0<a href=\"https:\/\/tourinformrackeve.hu\/en\/?page_id=1573\">Taksony<\/a>\u00a0\u2013\u00a0<a href=\"https:\/\/tourinformrackeve.hu\/en\/?page_id=1575\">T\u00f6k\u00f6l<\/a><\/p>\n<p>[\/vc_column_text][\/vc_column][\/vc_row][vc_row][vc_column][vc_empty_space height=&#8221;62px&#8221;][\/vc_column][\/vc_row][vc_row][vc_column width=&#8221;2\/3&#8243;][vc_column_text]<\/p>\n<h3><span style=\"color: #d0103a;\">Bugyi<\/span><\/h3>\n<p>[\/vc_column_text][\/vc_column][vc_column width=&#8221;1\/3&#8243;][\/vc_column][\/vc_row][vc_row][vc_column][vc_column_text]<strong>Beleznay kast\u00e9ly:<\/strong> Bugyi k\u00f6zs\u00e9g legr\u00e9gibb \u00e9p\u00edt\u00e9szeti eml\u00e9ke ez a barokk k\u00faria, melyet Beleznay J\u00e1nos (M\u00e1ria Ter\u00e9zia egykori t\u00e1bornoka) \u00e9p\u00edttetett az 1730-as \u00e9vekben.<br \/>\nEz volt Beleznay els\u0151 lakhelye. Az \u00e1t\u00e9p\u00edt\u00e9sek \u00e9s a bont\u00e1sok miatt az \u00e9p\u00fclet az eredeti jellegzetess\u00e9g\u00e9t szinte teljesen elvesztette. A telep\u00fcl\u00e9s \u00f6nkorm\u00e1nyzata azonban mindent elk\u00f6vetett az\u00e9rt, hogy egykori arculat\u00e1t visszanyerje az \u00e9p\u00fclet, \u00edgy &#8211; t\u00f6bb p\u00e1ly\u00e1zat \u00e9s saj\u00e1t beruh\u00e1z\u00e1s eredm\u00e9nyek\u00e9nt &#8211; v\u00e9g\u00fcl 2011. november 25-\u00e9n \u00fcnnep\u00e9lyes keretek k\u00f6z\u00f6tt Bugyi Nagyk\u00f6zs\u00e9g lakoss\u00e1ga birtokba vehette a Beleznay Kast\u00e9ly \u00e9p\u00fclet\u00e9t. A Kast\u00e9lyba a Bessenyei Gy\u00f6rgy M\u0171vel\u0151d\u00e9si H\u00e1z \u00e9s K\u00f6nyvt\u00e1r k\u00f6lt\u00f6z\u00f6tt be.<\/p>\n<p><strong>R\u00f3mai Katolikus Templom:<\/strong> Szent Adalbert tisztelet\u00e9re szentelt barokk templom (\u00e9p\u00fclt: 1761-63) \u00c9p\u00edttet\u0151je gr. Eszterh\u00e1zy K\u00e1roly \u00e9s Migazzi Krist\u00f3f v\u00e1ci p\u00fcsp\u00f6k\u00f6k voltak.<\/p>\n<p><strong>Reform\u00e1tus templom:<\/strong> Egytorny\u00fa barokk \u00e9p\u00fclet, melynek alapjait 1801-ben rakt\u00e1k le \u00e9s 1803-ban szentelt\u00e9k fel.<br \/>\nA Reform\u00e1tus Templom kertj\u00e9ben \u00e1ll, egy r\u00f3mai kori k\u0151oszlop az \u00fan. &#8220;sz\u00e9gyenk\u0151&#8221;, mely eredetileg r\u00f3mai m\u00e9rf\u00f6ldk\u0151 lehetett. Felirata szerint a reform\u00e1tus egyh\u00e1z 1783 \u00e9s 1824 k\u00f6z\u00f6tt sz\u00e9gyenk\u0151nek haszn\u00e1lt.<br \/>\nProtokolluma sz\u00e1mos &#8220;ekl\u00e9zsiak\u00f6vet\u00e9si&#8221; elj\u00e1r\u00e1s eml\u00e9k\u00e9t \u0151rzi, melyek sor\u00e1n az egyh\u00e1zi t\u00f6rv\u00e9nyek megs\u00e9rt\u0151i a sz\u00f3sz\u00e9k \u00e9s a templomkertben fel\u00e1ll\u00edtott sz\u00e9gyenk\u0151 el\u0151tt b\u00e1nt\u00e1k meg b\u0171neiket.<\/p>\n<p><strong>Forster Kast\u00e9ly (ma Vad\u00e1szkast\u00e9ly):<\/strong> Az 1890-es \u00e9vek elej\u00e9n \u00e9p\u00fclt \u00farilak Forster K\u00e1lm\u00e1n tulajdon\u00e1ban volt. Forster K\u00e1lm\u00e1n hatalmas birtokain kezdte meg egy korszer\u0171 \u00e1rutermel\u0151 gazdas\u00e1g megszervez\u00e9s\u00e9t, melynek eredm\u00e9nyek\u00e9nt egy \u00e9vtized alatt jelent\u0151s v\u00e1ltoz\u00e1s k\u00f6vetkezett be a m\u0171vel\u00e9si \u00e1gak ter\u00fclet\u00e9n. A kast\u00e9ly ma mag\u00e1nk\u00e9zben van \u00e9s vend\u00e9gl\u00e1t\u00f3- \u00e9s sz\u00e1ll\u00e1shelyk\u00e9nt hasznos\u00edtj\u00e1k. Bugyin \u00e9s k\u00f6rny\u00e9k\u00e9n rendezett vad\u00e1szati rendezv\u00e9nyekre l\u00e1togat\u00f3 vad\u00e1szok mellett a fest\u0151i sz\u00e9ps\u00e9g\u0171 t\u00f6bb hekt\u00e1r \u0151sparkkal k\u00f6r\u00fclhat\u00e1rolt Vad\u00e1szkast\u00e9ly ter\u00fclet\u00e9n ma sz\u00e1mos esk\u00fcv\u0151t \u00e9s k\u00fcl\u00f6nf\u00e9le rendezv\u00e9nyeket tartanak. http:\/\/www.forsterkastely.hu\/<\/p>\n<p><strong>Borzaspusztai templom romjai:<\/strong> Bugyi Nagyk\u00f6zs\u00e9gr\u0151l Dabas ir\u00e1ny\u00e1ba haladva tal\u00e1lhat\u00f3 az egykori K\u00e1polna maradv\u00e1nya. 2014. \u00e9vben a Katolikus Egyh\u00e1z fel\u00faj\u00edttatta az \u00e9p\u00fclet megmarad\u00f3 falait.<\/p>\n<p><strong>Bugyi Nagyk\u00f6zs\u00e9g T\u00e1jh\u00e1za:<\/strong> A bugyi T\u00e1jh\u00e1z bemutatja a telep\u00fcl\u00e9s n\u00e9pm\u0171v\u00e9szeti hagyom\u00e1nyait, n\u00e9pszok\u00e1sait, valamint az el\u0151d\u00f6k mesters\u00e9geit. A helyiek azonban nem el\u00e9gedtek meg azzal, hogy helyet csin\u00e1ltak a polcon a kasz\u00e1nak, a korongnak, a fakan\u00e1lnak, ugyanis r\u00e9gim\u00f3di arat\u00e1s, ker\u00e1miat\u00e1bor, valamint lekv\u00e1rf\u0151z\u00e9s is szerepel a terveik k\u00f6z\u00f6tt. A beruh\u00e1z\u00e1s megval\u00f3sul\u00e1sa \u00fajabb el\u0151rel\u00e9p\u00e9s a telep\u00fcl\u00e9s fejl\u0151d\u00e9s\u00e9nek t\u00f6rt\u00e9net\u00e9ben, \u00e9s kiv\u00e1l\u00f3 p\u00e9ld\u00e1ja a helyi int\u00e9zm\u00e9nyek, civil szervezetek \u00e9s v\u00e1llalkoz\u00e1sok egy\u00fcttm\u0171k\u00f6d\u00e9s\u00e9nek. Ez pedig az\u00e9rt fontos, mert Bugyi lakosai szerint annak a k\u00f6z\u00f6ss\u00e9gnek van j\u00f6v\u0151je, aki ismeri \u00e9s tiszteli m\u00faltj\u00e1t.<\/p>\n<p>C\u00edm: 2347 Bugyi Teleki u.<br \/>\nTelefonsz\u00e1m: 70\/338-2533<br \/>\nE-mail: bugyitajhaz@gmail.com<br \/>\nNyitvatart\u00e1s:<br \/>\nH-P: 9-16 \u00f3r\u00e1ig<br \/>\nSzombaton: El\u0151zetes egyeztet\u00e9s alapj\u00e1n (Bejelentkezni legk\u00e9s\u0151bb az aktu\u00e1lis szombatot megel\u0151z\u0151 keddig)<\/p>\n<p><a href=\"https:\/\/www.facebook.com\/pg\/Bugyi-Nagyk%C3%B6zs%C3%A9g-T%C3%A1jh%C3%A1za-1032561126818942\/about\/?ref=page_internal\">https:\/\/www.facebook.com\/pg\/Bugyi-Nagyk%C3%B6zs%C3%A9g-T%C3%A1jh%C3%A1za-1032561126818942\/about\/?ref=page_internal<\/a>[\/vc_column_text][\/vc_column][\/vc_row]<\/p>\n","protected":false},"excerpt":{"rendered":"<p>[vc_row][vc_column][vc_empty_space][\/vc_column][\/vc_row][vc_row][vc_column][vc_custom_heading text=&#8221;Sights&#8221; font_container=&#8221;tag:h3|text_align:left&#8221;][\/vc_column][\/vc_row][vc_row][vc_column][vc_column_text] Als\u00f3n\u00e9medi\u00a0\u2013\u00a0Apaj\u00a0\u2013\u00a0\u00c1porka\u00a0\u2013\u00a0Bugyi\u00a0\u2013\u00a0D\u00e9legyh\u00e1za\u00a0\u2013\u00a0D\u00f6ms\u00f6d\u00a0\u2013\u00a0Dunaharaszti\u00a0\u2013\u00a0Dunavars\u00e1ny\u00a0\u2013\u00a0Hal\u00e1sztelek Kiskunlach\u00e1za\u00a0\u2013\u00a0Kulcs\u00a0\u2013\u00a0L\u00f3r\u00e9v\u00a0\u2013\u00a0Majosh\u00e1za\u00a0\u2013\u00a0Mak\u00e1d\u00a0\u2013\u00a0R\u00e1calm\u00e1s\u00a0\u2013\u00a0R\u00e1ckeve\u00a0\u2013\u00a0Szigetbecse\u00a0\u2013\u00a0Szigetcs\u00e9p Szigethalom\u00a0\u2013\u00a0Szigetszentm\u00e1rton\u00a0\u2013\u00a0Szigetszentmikl\u00f3s\u00a0\u2013\u00a0Sziget\u00fajfalu\u00a0\u2013\u00a0Taksony\u00a0\u2013\u00a0T\u00f6k\u00f6l [\/vc_column_text][\/vc_column][\/vc_row][vc_row][vc_column][vc_empty_space height=&#8221;62px&#8221;][\/vc_column][\/vc_row][vc_row][vc_column width=&#8221;2\/3&#8243;][vc_column_text] Bugyi [\/vc_column_text][\/vc_column][vc_column width=&#8221;1\/3&#8243;][\/vc_column][\/vc_row][vc_row][vc_column][vc_column_text]Beleznay kast\u00e9ly: Bugyi k\u00f6zs\u00e9g legr\u00e9gibb \u00e9p\u00edt\u00e9szeti eml\u00e9ke ez a barokk k\u00faria, melyet Beleznay J\u00e1nos (M\u00e1ria Ter\u00e9zia egykori t\u00e1bornoka) \u00e9p\u00edttetett az 1730-as \u00e9vekben. Ez volt Beleznay els\u0151 lakhelye. Az \u00e1t\u00e9p\u00edt\u00e9sek \u00e9s a bont\u00e1sok miatt az \u00e9p\u00fclet az eredeti jellegzetess\u00e9g\u00e9t szinte teljesen elvesztette. A telep\u00fcl\u00e9s \u00f6nkorm\u00e1nyzata<\/p>\n<a href=\"https:\/\/tourinformrackeve.hu\/en\/?page_id=1529\" class=\"sohohotel-more-link\">Read More<i class=\"fa fa-angle-right\"><\/i><\/a>","protected":false},"author":1,"featured_media":0,"parent":0,"menu_order":0,"comment_status":"closed","ping_status":"closed","template":"","meta":[],"_links":{"self":[{"href":"https:\/\/tourinformrackeve.hu\/en\/index.php?rest_route=\/wp\/v2\/pages\/1529"}],"collection":[{"href":"https:\/\/tourinformrackeve.hu\/en\/index.php?rest_route=\/wp\/v2\/pages"}],"about":[{"href":"https:\/\/tourinformrackeve.hu\/en\/index.php?rest_route=\/wp\/v2\/types\/page"}],"author":[{"embeddable":true,"href":"https:\/\/tourinformrackeve.hu\/en\/index.php?rest_route=\/wp\/v2\/users\/1"}],"replies":[{"embeddable":true,"href":"https:\/\/tourinformrackeve.hu\/en\/index.php?rest_route=%2Fwp%2Fv2%2Fcomments&post=1529"}],"version-history":[{"count":6,"href":"https:\/\/tourinformrackeve.hu\/en\/index.php?rest_route=\/wp\/v2\/pages\/1529\/revisions"}],"predecessor-version":[{"id":1868,"href":"https:\/\/tourinformrackeve.hu\/en\/index.php?rest_route=\/wp\/v2\/pages\/1529\/revisions\/1868"}],"wp:attachment":[{"href":"https:\/\/tourinformrackeve.hu\/en\/index.php?rest_route=%2Fwp%2Fv2%2Fmedia&parent=1529"}],"curies":[{"name":"wp","href":"https:\/\/api.w.org\/{rel}","templated":true}]}}