{"id":1552,"date":"2021-03-22T13:16:29","date_gmt":"2021-03-22T13:16:29","guid":{"rendered":"https:\/\/tourinformrackeve.hu\/?page_id=1552"},"modified":"2021-04-05T10:36:44","modified_gmt":"2021-04-05T10:36:44","slug":"latnivalok-majoshaza","status":"publish","type":"page","link":"https:\/\/tourinformrackeve.hu\/en\/?page_id=1552","title":{"rendered":"Sights-Majosh\u00e1za"},"content":{"rendered":"<p>[vc_row][vc_column][vc_empty_space][\/vc_column][\/vc_row][vc_row][vc_column][vc_custom_heading text=&#8221;Sights&#8221; font_container=&#8221;tag:h3|text_align:left&#8221;][\/vc_column][\/vc_row][vc_row][vc_column][vc_column_text]<\/p>\n<p style=\"text-align: center;\"><a href=\"https:\/\/tourinformrackeve.hu\/en\/?page_id=1518\">Als\u00f3n\u00e9medi<\/a>\u00a0\u2013\u00a0<a href=\"https:\/\/tourinformrackeve.hu\/en\/?page_id=1520\">Apaj\u00a0<\/a>\u2013\u00a0<a href=\"https:\/\/tourinformrackeve.hu\/en\/?page_id=1526\">\u00c1porka\u00a0<\/a>\u2013\u00a0<a href=\"https:\/\/tourinformrackeve.hu\/en\/?page_id=1529\">Bugyi<\/a>\u00a0\u2013\u00a0<a href=\"https:\/\/tourinformrackeve.hu\/en\/?page_id=1533\">D\u00e9legyh\u00e1za\u00a0<\/a>\u2013\u00a0<a href=\"https:\/\/tourinformrackeve.hu\/en\/?page_id=1535\">D\u00f6ms\u00f6d\u00a0<\/a>\u2013\u00a0<a href=\"https:\/\/tourinformrackeve.hu\/en\/?page_id=1537\">Dunaharaszti\u00a0<\/a>\u2013\u00a0<a href=\"https:\/\/tourinformrackeve.hu\/en\/?page_id=1540\">Dunavars\u00e1ny\u00a0<\/a>\u2013\u00a0<a href=\"https:\/\/tourinformrackeve.hu\/en\/?page_id=1542\">Hal\u00e1sztelek<\/a><br \/>\n<a href=\"https:\/\/tourinformrackeve.hu\/en\/?page_id=1544\">Kiskunlach\u00e1za\u00a0<\/a>\u2013\u00a0<a href=\"https:\/\/tourinformrackeve.hu\/en\/?page_id=1547\">Kulcs\u00a0<\/a>\u2013\u00a0<a href=\"https:\/\/tourinformrackeve.hu\/en\/?page_id=1549\">L\u00f3r\u00e9v<\/a>\u00a0\u2013\u00a0<a href=\"https:\/\/tourinformrackeve.hu\/en\/?page_id=1552\">Majosh\u00e1za<\/a>\u00a0\u2013\u00a0<a href=\"https:\/\/tourinformrackeve.hu\/en\/?page_id=1554\">Mak\u00e1d<\/a>\u00a0\u2013\u00a0<a href=\"https:\/\/tourinformrackeve.hu\/en\/?page_id=1556\">R\u00e1calm\u00e1s<\/a>\u00a0\u2013\u00a0<a href=\"https:\/\/tourinformrackeve.hu\/en\/?page_id=1558\">R\u00e1ckeve<\/a>\u00a0\u2013\u00a0<a href=\"https:\/\/tourinformrackeve.hu\/en\/?page_id=1560\">Szigetbecse<\/a>\u00a0\u2013\u00a0<a href=\"https:\/\/tourinformrackeve.hu\/en\/?page_id=1563\">Szigetcs\u00e9p<\/a><br \/>\n<a href=\"https:\/\/tourinformrackeve.hu\/en\/?page_id=1565\">Szigethalom<\/a>\u00a0\u2013\u00a0<a href=\"https:\/\/tourinformrackeve.hu\/en\/?page_id=1567\">Szigetszentm\u00e1rton<\/a>\u00a0\u2013\u00a0<a href=\"https:\/\/tourinformrackeve.hu\/en\/?page_id=1569\">Szigetszentmikl\u00f3s<\/a>\u00a0\u2013\u00a0<a href=\"https:\/\/tourinformrackeve.hu\/en\/?page_id=1571\">Sziget\u00fajfalu<\/a>\u00a0\u2013\u00a0<a href=\"https:\/\/tourinformrackeve.hu\/en\/?page_id=1573\">Taksony<\/a>\u00a0\u2013\u00a0<a href=\"https:\/\/tourinformrackeve.hu\/en\/?page_id=1575\">T\u00f6k\u00f6l<\/a><\/p>\n<p>[\/vc_column_text][\/vc_column][\/vc_row][vc_row][vc_column][vc_empty_space height=&#8221;62px&#8221;][\/vc_column][\/vc_row][vc_row][vc_column width=&#8221;2\/3&#8243;][vc_column_text]<\/p>\n<h3><span style=\"color: #d0103a;\">Majosh\u00e1za<\/span><\/h3>\n<p>[\/vc_column_text][\/vc_column][vc_column width=&#8221;1\/3&#8243;][\/vc_column][\/vc_row][vc_row][vc_column][vc_column_text]<strong><em><span style=\"color: #e40040;\">Reform\u00e1tus Templom<\/span><\/em><\/strong><br \/>\n1891-ben a k\u00f6zs\u00e9g reform\u00e1tus lak\u00f3i templomukat eklektikus st\u00edlusban \u00e9p\u00edtett\u00e9k fel, amelyet Renk\u00f3 K\u00e1roly \u00e9p\u00edt\u00e9sz tervezett. Az \u00e9p\u00fclet a budapesti K\u00e1lvin t\u00e9ri reform\u00e1tus templom kicsiny\u00edtett m\u00e1sa. A faluban m\u00e9g ma is sok hossz\u00fa parasztporta \u0151rzi az egykor hagyom\u00e1nyos \u00e9p\u00edt\u00e9si form\u00e1t.<br \/>\n<strong>El\u00e9rhet\u0151s\u00e9g:<\/strong><br \/>\n2339 Majosh\u00e1za, Kossuth Lajos u. 22.<br \/>\nTelefon:+36-24\/476-029<\/p>\n<p><strong><em><span style=\"color: #e40040;\">Sz\u0171z M\u00e1ria K\u00e1polna<\/span><\/em><\/strong><br \/>\nA kont\u00e9nerk\u00e1poln\u00e1t 2012. december 1-\u00e9n szentelte fel Beer Mikl\u00f3s v\u00e1ci p\u00fcsp\u00f6k<br \/>\n<strong>El\u00e9rhet\u0151s\u00e9g:<\/strong><br \/>\n2339 Majosh\u00e1za, Ady Endre u. 2.<br \/>\nTelefon: +36-24\/472-017<br \/>\nE-mail:\u00a0<a href=\"mailto:kisrsandor@gmail.com\">kisrsandor@gmail.com<\/a><\/p>\n<p>Majosh\u00e1z\u00e1n sz\u00fcletett \u00e9s \u00e9lt\u00a0<strong>Pir\u00f3th Gyula (1938-1979) j\u00e1szai d\u00edjas sz\u00ednm\u0171v\u00e9sz<\/strong>, aki a Nemzeti Sz\u00ednh\u00e1z tagja volt. S\u00edrj\u00e1t a helyi temet\u0151ben tal\u00e1lhatjuk meg, ahol sz\u00e1mos s\u00edrt Szalacsi Istv\u00e1n erd\u00e9lyi sz\u00e1rmaz\u00e1s\u00fa n\u00e9pm\u0171v\u00e9sz r\u00e9gi korok hangulat\u00e1t id\u00e9z\u0151 kopjaf\u00e1i d\u00edsz\u00edtenek.[\/vc_column_text][\/vc_column][\/vc_row]<\/p>\n","protected":false},"excerpt":{"rendered":"<p>[vc_row][vc_column][vc_empty_space][\/vc_column][\/vc_row][vc_row][vc_column][vc_custom_heading text=&#8221;Sights&#8221; font_container=&#8221;tag:h3|text_align:left&#8221;][\/vc_column][\/vc_row][vc_row][vc_column][vc_column_text] Als\u00f3n\u00e9medi\u00a0\u2013\u00a0Apaj\u00a0\u2013\u00a0\u00c1porka\u00a0\u2013\u00a0Bugyi\u00a0\u2013\u00a0D\u00e9legyh\u00e1za\u00a0\u2013\u00a0D\u00f6ms\u00f6d\u00a0\u2013\u00a0Dunaharaszti\u00a0\u2013\u00a0Dunavars\u00e1ny\u00a0\u2013\u00a0Hal\u00e1sztelek Kiskunlach\u00e1za\u00a0\u2013\u00a0Kulcs\u00a0\u2013\u00a0L\u00f3r\u00e9v\u00a0\u2013\u00a0Majosh\u00e1za\u00a0\u2013\u00a0Mak\u00e1d\u00a0\u2013\u00a0R\u00e1calm\u00e1s\u00a0\u2013\u00a0R\u00e1ckeve\u00a0\u2013\u00a0Szigetbecse\u00a0\u2013\u00a0Szigetcs\u00e9p Szigethalom\u00a0\u2013\u00a0Szigetszentm\u00e1rton\u00a0\u2013\u00a0Szigetszentmikl\u00f3s\u00a0\u2013\u00a0Sziget\u00fajfalu\u00a0\u2013\u00a0Taksony\u00a0\u2013\u00a0T\u00f6k\u00f6l [\/vc_column_text][\/vc_column][\/vc_row][vc_row][vc_column][vc_empty_space height=&#8221;62px&#8221;][\/vc_column][\/vc_row][vc_row][vc_column width=&#8221;2\/3&#8243;][vc_column_text] Majosh\u00e1za [\/vc_column_text][\/vc_column][vc_column width=&#8221;1\/3&#8243;][\/vc_column][\/vc_row][vc_row][vc_column][vc_column_text]Reform\u00e1tus Templom 1891-ben a k\u00f6zs\u00e9g reform\u00e1tus lak\u00f3i templomukat eklektikus st\u00edlusban \u00e9p\u00edtett\u00e9k fel, amelyet Renk\u00f3 K\u00e1roly \u00e9p\u00edt\u00e9sz tervezett. Az \u00e9p\u00fclet a budapesti K\u00e1lvin t\u00e9ri reform\u00e1tus templom kicsiny\u00edtett m\u00e1sa. A faluban m\u00e9g ma is sok hossz\u00fa parasztporta \u0151rzi az egykor hagyom\u00e1nyos \u00e9p\u00edt\u00e9si form\u00e1t. El\u00e9rhet\u0151s\u00e9g: 2339 Majosh\u00e1za,<\/p>\n<a href=\"https:\/\/tourinformrackeve.hu\/en\/?page_id=1552\" class=\"sohohotel-more-link\">Read More<i class=\"fa fa-angle-right\"><\/i><\/a>","protected":false},"author":1,"featured_media":0,"parent":0,"menu_order":0,"comment_status":"closed","ping_status":"closed","template":"","meta":[],"_links":{"self":[{"href":"https:\/\/tourinformrackeve.hu\/en\/index.php?rest_route=\/wp\/v2\/pages\/1552"}],"collection":[{"href":"https:\/\/tourinformrackeve.hu\/en\/index.php?rest_route=\/wp\/v2\/pages"}],"about":[{"href":"https:\/\/tourinformrackeve.hu\/en\/index.php?rest_route=\/wp\/v2\/types\/page"}],"author":[{"embeddable":true,"href":"https:\/\/tourinformrackeve.hu\/en\/index.php?rest_route=\/wp\/v2\/users\/1"}],"replies":[{"embeddable":true,"href":"https:\/\/tourinformrackeve.hu\/en\/index.php?rest_route=%2Fwp%2Fv2%2Fcomments&post=1552"}],"version-history":[{"count":3,"href":"https:\/\/tourinformrackeve.hu\/en\/index.php?rest_route=\/wp\/v2\/pages\/1552\/revisions"}],"predecessor-version":[{"id":1880,"href":"https:\/\/tourinformrackeve.hu\/en\/index.php?rest_route=\/wp\/v2\/pages\/1552\/revisions\/1880"}],"wp:attachment":[{"href":"https:\/\/tourinformrackeve.hu\/en\/index.php?rest_route=%2Fwp%2Fv2%2Fmedia&parent=1552"}],"curies":[{"name":"wp","href":"https:\/\/api.w.org\/{rel}","templated":true}]}}