{"id":1556,"date":"2021-03-22T13:22:15","date_gmt":"2021-03-22T13:22:15","guid":{"rendered":"https:\/\/tourinformrackeve.hu\/?page_id=1556"},"modified":"2021-04-05T10:38:58","modified_gmt":"2021-04-05T10:38:58","slug":"latnivalok-racalmas","status":"publish","type":"page","link":"https:\/\/tourinformrackeve.hu\/en\/?page_id=1556","title":{"rendered":"Sights-R\u00e1calm\u00e1s"},"content":{"rendered":"<p>[vc_row][vc_column][vc_empty_space][\/vc_column][\/vc_row][vc_row][vc_column][vc_custom_heading text=&#8221;Sights&#8221; font_container=&#8221;tag:h3|text_align:left&#8221;][\/vc_column][\/vc_row][vc_row][vc_column][vc_column_text]<\/p>\n<p style=\"text-align: center;\"><a href=\"https:\/\/tourinformrackeve.hu\/en\/?page_id=1518\">Als\u00f3n\u00e9medi<\/a>\u00a0\u2013\u00a0<a href=\"https:\/\/tourinformrackeve.hu\/en\/?page_id=1520\">Apaj\u00a0<\/a>\u2013\u00a0<a href=\"https:\/\/tourinformrackeve.hu\/en\/?page_id=1526\">\u00c1porka\u00a0<\/a>\u2013\u00a0<a href=\"https:\/\/tourinformrackeve.hu\/en\/?page_id=1529\">Bugyi<\/a>\u00a0\u2013\u00a0<a href=\"https:\/\/tourinformrackeve.hu\/en\/?page_id=1533\">D\u00e9legyh\u00e1za\u00a0<\/a>\u2013\u00a0<a href=\"https:\/\/tourinformrackeve.hu\/en\/?page_id=1535\">D\u00f6ms\u00f6d\u00a0<\/a>\u2013\u00a0<a href=\"https:\/\/tourinformrackeve.hu\/en\/?page_id=1537\">Dunaharaszti\u00a0<\/a>\u2013\u00a0<a href=\"https:\/\/tourinformrackeve.hu\/en\/?page_id=1540\">Dunavars\u00e1ny\u00a0<\/a>\u2013\u00a0<a href=\"https:\/\/tourinformrackeve.hu\/en\/?page_id=1542\">Hal\u00e1sztelek<\/a><br \/>\n<a href=\"https:\/\/tourinformrackeve.hu\/en\/?page_id=1544\">Kiskunlach\u00e1za\u00a0<\/a>\u2013\u00a0<a href=\"https:\/\/tourinformrackeve.hu\/en\/?page_id=1547\">Kulcs\u00a0<\/a>\u2013\u00a0<a href=\"https:\/\/tourinformrackeve.hu\/en\/?page_id=1549\">L\u00f3r\u00e9v<\/a>\u00a0\u2013\u00a0<a href=\"https:\/\/tourinformrackeve.hu\/en\/?page_id=1552\">Majosh\u00e1za<\/a>\u00a0\u2013\u00a0<a href=\"https:\/\/tourinformrackeve.hu\/en\/?page_id=1554\">Mak\u00e1d<\/a>\u00a0\u2013\u00a0<a href=\"https:\/\/tourinformrackeve.hu\/en\/?page_id=1556\">R\u00e1calm\u00e1s<\/a>\u00a0\u2013\u00a0<a href=\"https:\/\/tourinformrackeve.hu\/en\/?page_id=1558\">R\u00e1ckeve<\/a>\u00a0\u2013\u00a0<a href=\"https:\/\/tourinformrackeve.hu\/en\/?page_id=1560\">Szigetbecse<\/a>\u00a0\u2013\u00a0<a href=\"https:\/\/tourinformrackeve.hu\/en\/?page_id=1563\">Szigetcs\u00e9p<\/a><br \/>\n<a href=\"https:\/\/tourinformrackeve.hu\/en\/?page_id=1565\">Szigethalom<\/a>\u00a0\u2013\u00a0<a href=\"https:\/\/tourinformrackeve.hu\/en\/?page_id=1567\">Szigetszentm\u00e1rton<\/a>\u00a0\u2013\u00a0<a href=\"https:\/\/tourinformrackeve.hu\/en\/?page_id=1569\">Szigetszentmikl\u00f3s<\/a>\u00a0\u2013\u00a0<a href=\"https:\/\/tourinformrackeve.hu\/en\/?page_id=1571\">Sziget\u00fajfalu<\/a>\u00a0\u2013\u00a0<a href=\"https:\/\/tourinformrackeve.hu\/en\/?page_id=1573\">Taksony<\/a>\u00a0\u2013\u00a0<a href=\"https:\/\/tourinformrackeve.hu\/en\/?page_id=1575\">T\u00f6k\u00f6l<\/a><\/p>\n<p>[\/vc_column_text][\/vc_column][\/vc_row][vc_row][vc_column][vc_empty_space height=&#8221;62px&#8221;][\/vc_column][\/vc_row][vc_row][vc_column width=&#8221;2\/3&#8243;][vc_column_text]<\/p>\n<h3><span style=\"color: #d0103a;\">R\u00e1calm\u00e1s<\/span><\/h3>\n<p>[\/vc_column_text][\/vc_column][vc_column width=&#8221;1\/3&#8243;][\/vc_column][\/vc_row][vc_row][vc_column][vc_column_text]<strong>\u00a0<\/strong><\/p>\n<p><strong>Jankovich-K\u00faria:<\/strong> A fest\u0151i sz\u00e9ps\u00e9g\u0171 parkkal \u00f6vezett barokk \u00e9p\u00edt\u00e9szeti m\u0171eml\u00e9k, a Jankovich-k\u00faria a r\u00e9gi\u00f3 legszebb \u00e9p\u00fclet-egy\u00fcttese, amelyben \u00f6koturisztikai- \u00e9s rendezv\u00e9nyk\u00f6zpontot alak\u00edtott ki az \u00f6nkorm\u00e1nyzat.<\/p>\n<p>A\u00a0 XVIII. sz\u00e1zadban \u00e9p\u00fclt k\u00faria parkja a nap minden szak\u00e1ban nyitott. A f\u0151\u00e9p\u00fclet 7 term\u00e9vel, az \u00d6koturisztikai K\u00f6zpont 4 term\u00e9vel, valamint a gasztron\u00f3miai- \u00e9s k\u00e9zm\u0171ves h\u00e1zak fest\u0151i k\u00f6rnyezetben h\u00e1rom \u00e1lland\u00f3 ki\u00e1ll\u00edt\u00e1ssal, hangulatos aj\u00e1nd\u00e9kbolttal \u00e9s sz\u00ednes programk\u00edn\u00e1lattal v\u00e1rja a l\u00e1togat\u00f3kat, valamint a c\u00e9ges- \u00e9s mag\u00e1nrendezv\u00e9nyek r\u00e9sztvev\u0151it.<\/p>\n<p><strong>R\u00e1calm\u00e1si Nagy-sziget:<\/strong> A term\u00e9szetv\u00e9delmi oltalom alatt \u00e1ll\u00f3, 380 hekt\u00e1ron elter\u00fcl\u0151 r\u00e1calm\u00e1si Nagy-sziget a Duna-Ipoly Nemzeti Park r\u00e9sze. N\u00f6v\u00e9ny- \u00e9s \u00e1llatvil\u00e1ga sz\u00e1mos \u00e9rdekes l\u00e1tnival\u00f3t k\u00edn\u00e1l, a r\u00e1calm\u00e1si Duna-szakasz pedig a horg\u00e1szok paradicsoma.<\/p>\n<p>A sziget v\u00e9dett\u00e9 nyilv\u00e1n\u00edt\u00e1s\u00e1nak egyik legfontosabb c\u00e9lja az volt, hogy a kor\u00e1bbi tarv\u00e1g\u00e1sok ut\u00e1n a gy\u00f6ny\u00f6r\u0171 t\u00f6lgy-, k\u0151ris- \u00e9s szilfa n\u00f6v\u00e9nyt\u00e1rsul\u00e1sokat helyre\u00e1ll\u00edtsa \u00e9s meg\u00f3vja az \u00faj, idegenhonos agressz\u00edvabb fafajt\u00e1kt\u00f3l. S\u0171r\u0171 lombkoron\u00e1juk ellen\u00e9re a ligeterd\u0151k cserje- \u00e9s gyepszintje is rendk\u00edv\u00fcl gazdag. Kifejezetten nagy \u00e9s \u00e9rt\u00e9kes a v\u00e9dett l\u00e1gysz\u00e1r\u00faakb\u00f3l \u00e1ll\u00f3 aljn\u00f6v\u00e9nyzet: megtal\u00e1lhat\u00f3 t\u00f6bbek k\u00f6z\u00f6tt a h\u00f3vir\u00e1g, a t\u0151zike \u00e9s a gy\u00f3gyn\u00f6v\u00e9nyk\u00e9nt is haszn\u00e1lt gy\u00f6ngyvir\u00e1g.<\/p>\n<p>A t\u00e1pl\u00e1l\u00e9kban gazdag holt\u00e1gak \u00e9s \u00f6bl\u00f6k v\u00e1ltozatos mad\u00e1rvil\u00e1got fogadnak be. A Nagy-szigeten jelenleg is 92 k\u00fcl\u00f6nb\u00f6z\u0151 mad\u00e1rfajta f\u00e9szkel \u00e9s t\u00f6bb mint 50 tov\u00e1bbi l\u00e1togatja rendszeresen. A t\u00fcrelmesebbek olyan ritka g\u00e1zl\u00f3madarakat is megcsod\u00e1lhatnak, mint a sz\u00fcrkeg\u00e9m vagy a fekete g\u00f3lya. Mad\u00e1rvonul\u00e1skor a szigetek t\u00f6bb sz\u00e1z f\u0151s r\u00e9ce- \u00e9s l\u00fadcsapatoknak ny\u00fajtanak ideiglenes lakhelyet. A szigeten olyan fens\u00e9ges ragadoz\u00f3 madarak is megtal\u00e1lhat\u00f3ak, mint a r\u00e9tisas, a hal\u00e1szsas vagy ak\u00e1r a kerecsens\u00f3lyom.<\/p>\n<p>Jelent\u0151s a sziget eml\u0151s- \u00e1llom\u00e1nya is. a mezei pocok, a p\u00e9zsmapocok \u00e9s a v\u00e9dett v\u00edzicick\u00e1ny mellett a kitart\u00f3bb szeml\u00e9l\u0151d\u0151k ak\u00e1r a hermelint, az \u0151zt vagy a k\u00fcl\u00f6n\u00f6sen ritka racalmas_2\u00e9s fokozottan v\u00e9dett vidr\u00e1t is lencsev\u00e9gre kaphatj\u00e1k.<\/p>\n<p>A Nagy-szigeten k\u00e9t ki\u00e9p\u00edtett hosszabb \u00e9s r\u00f6videbb t\u00fara\u00fatvonalon kialak\u00edtott tan\u00f6sv\u00e9ny v\u00e1rja az \u00e9rdekl\u0151d\u0151ket. A m\u00e9lyebben fekv\u0151 \u00e1rtereken \u00e9s mocsaras ter\u00fcleteken pall\u00f3s c\u00f6l\u00f6phidak vezetnek \u00e1t. \u00cdgy a sziget \u00e9l\u0151vil\u00e1g\u00e1nak szinte minden ter\u00fclet\u00e9t sz\u00e1raz l\u00e1bbal k\u00e9nyelmesen j\u00e1rhatj\u00e1k be a l\u00e1togat\u00f3k.<\/p>\n<p>Ha azonban ker\u00e9kp\u00e1rra pattanni t\u00e1mad kedve, azt is megteheti \u2013 ak\u00e1r saj\u00e1t, ak\u00e1r k\u00f6lcs\u00f6nz\u00f6tt ker\u00e9kp\u00e1rral. Az ut\u00f3bbi \u00e9vek fejleszt\u00e9seinek k\u00f6sz\u00f6nhet\u0151en ki\u00e9p\u00fclt ker\u00e9kp\u00e1r\u00fat h\u00e1l\u00f3zaton nemcsak R\u00e1calm\u00e1st vagy a Nagy-szigetet j\u00e1rhatja be, de a hangulatos Duna-parton a kb. 10 km-re l\u00e9v\u0151 Duna\u00fajv\u00e1rosba is el lehet jutni.<\/p>\n<p>&nbsp;<\/p>\n<p><strong>Jankovich-k\u00e1polna:<\/strong> R\u00e1calm\u00e1s \u00e9rdekess\u00e9ge, hogy a r\u00e9gi, sz\u00e9pen gondozott temet\u0151 a v\u00e1ros sz\u00edv\u00e9ben helyezkedik el.<\/p>\n<p>M\u00e1r messzir\u0151l j\u00f3l l\u00e1tszik a k\u00e1polnadombon \u00e1ll\u00f3 gy\u00f6ny\u00f6r\u0171 Jankovich-k\u00e1polna, amit Jankovich Gyula \u00e9p\u00edttetett a XIX. szd. m\u00e1sodik fel\u00e9ben \u00e9desapja tisztelet\u00e9re. A k\u00e1polna alatti kript\u00e1t a csal\u00e1d temetkez\u00e9si hely\u00e9\u00fcl sz\u00e1nta.<\/p>\n<p><strong>Pajzs csal\u00e1d eml\u00e9km\u0171ve:<\/strong> A Pajzs csal\u00e1d s\u00edreml\u00e9ke is nagyon impoz\u00e1ns, ahogy el\u00e9nk t\u0171nik a gesztenyefasor v\u00e9g\u00e9n. A s\u00edreml\u00e9ket 1911-ben k\u00e9sz\u00edttette dr. r\u00e1calm\u00e1si Pajzs Gyula (1897-ig Pick Gyula). Az 570 cm-es fesz\u00fcleten hatalmas korpusz l\u00e1that\u00f3, az \u00e9p\u00edt\u00e9szeti r\u00e9sz 850 cm magas. Az oldalra kiny\u00fal\u00f3 elemeken id\u00e9zeteket olvashatunk a Bibli\u00e1b\u00f3l \u00e9s Proh\u00e1szka Ottok\u00e1r p\u00fcsp\u00f6k toll\u00e1b\u00f3l.<\/p>\n<p><strong>Teleszky-k\u00faria:<\/strong> R\u00e1calm\u00e1s k\u00f6zponti r\u00e9sz\u00e9n tal\u00e1lhat\u00f3 a volt Teleszky kast\u00e9ly, melyet a M\u00e1rkus csal\u00e1d emeltetett 1870 ut\u00e1n. A XX. szd. els\u0151 fel\u00e9ben a Teleszky csal\u00e1d tulajdona volt, ma is csod\u00e1s k\u00f6rnyezetben ad otthont a M\u0171vel\u0151d\u00e9si H\u00e1znak \u00e9s sok sz\u00ednes programnak.<\/p>\n<p><strong>Krisztus Mennybemenetele G\u00f6r\u00f6gkeleti Szerb Templom: <\/strong>Az egyhaj\u00f3s, homlokzati tornyos, barokk st\u00edlus\u00fa templom 1773-ban \u00e9p\u00fclt, m\u0171eml\u00e9ki v\u00e9delem alatt \u00e1ll. Legut\u00f3bb 2002-ben volt fel\u00faj\u00edtva.<\/p>\n<p><strong>Kov\u00e1cs Gal\u00e9ria (Kov\u00e1cs Gy\u00f6rgy Fest\u0151m\u0171v\u00e9sz 1929-2013): <\/strong>Pestszentl\u0151rincen sz\u00fcletett, \u00e9s m\u00e9g kisgyermek volt, amikor sz\u00fcleivel \u00e9s testv\u00e9reivel visszak\u00f6lt\u00f6ztek \u00e9desanyja sz\u00fcl\u0151faluj\u00e1ba, R\u00e1calm\u00e1sra, ahol a saj\u00e1t sziget r\u00e9sz\u00fck\u00f6n, a Nagy \u2013 Duna ment\u00e9n \u00e1ll\u00f3 h\u00e1zukban t\u00f6lthette gyermekkor\u00e1t. Sokoldal\u00fa m\u0171v\u00e9sz, akinek a festm\u00e9nyeken \u00e9s grafik\u00e1kon t\u00fal illusztr\u00e1ci\u00f3k, d\u00edszletek, kisplasztik\u00e1k, plak\u00e1tok, megh\u00edv\u00f3k, szekk\u00f3k k\u00e9sz\u00edt\u00e9se, s\u0151t eml\u00e9km\u0171 \u00e9s park tervez\u00e9s is gazdag\u00edtotta \u00e9letm\u0171v\u00e9t.<\/p>\n<p>Rendk\u00edv\u00fcl term\u00e9keny fest\u0151 volt, akinek m\u0171vei fellelhet\u0151k sz\u0171kebb haz\u00e1j\u00e1ban \u00e9ppen \u00fagy, mint Eur\u00f3p\u00e1ban, t\u00f6bbek k\u00f6z\u00f6tt Sv\u00e1jcban, N\u00e9metorsz\u00e1gban, \u00e9s a tengerent\u00falon.<\/p>\n<p>Az \u00e1ltala R\u00e1calm\u00e1son l\u00e9trehozott Kov\u00e1cs Gal\u00e9ri\u00e1ban megtekinthet\u0151 az \u00e1lland\u00f3 ki\u00e1ll\u00edt\u00e1sa, mely bemutatja m\u0171v\u00e9szi tev\u00e9kenys\u00e9gnek keresztmetszet\u00e9t.<\/p>\n<p><strong>Trafik M\u00fazeum:<\/strong> R\u00e1calm\u00e1son is a frontot megj\u00e1rt hadirokkant katon\u00e1k, illetve hadi\u00f6zvegyek kaptak lehet\u0151s\u00e9get \u00e9s jogot a trafiknyit\u00e1sra. Ilyen trafikb\u00f3l h\u00e1rom is l\u00e9tes\u00fclt \u00e9s m\u0171k\u00f6d\u00f6tt az akkori telep\u00fcl\u00e9sen. Az \u00e9vek sor\u00e1n egy \u00e9p\u00fclet maradt fent, melyet az \u00f6nkorm\u00e1nyzat saj\u00e1t forr\u00e1sb\u00f3l megv\u00e1s\u00e1rolt. A fel\u00faj\u00edt\u00e1st k\u00f6vet\u0151en t\u00e1rsadalmi \u00f6sszefog\u00e1s keretein bel\u00fcl rendezte be N\u00e9meth Mikl\u00f3sn\u00e9, alpolg\u00e1rmester. A m\u00fazeum \u201ealapj\u00e1t\u201d Mosonyi Mih\u00e1ly helyt\u00f6rt\u00e9n\u00e9sz gy\u0171jt\u00e9se adta. A Jankovich-k\u00fari\u00e1ban tal\u00e1lhat\u00f3 Helyt\u00f6rt\u00e9neti M\u00fazeum berendez\u00e9si t\u00e1rgyai is javar\u00e9szt neki k\u00f6sz\u00f6nhet\u0151ek. Innen \u201ek\u00f6lt\u00f6z\u00f6tt\u201d a Trafik M\u00fazeumba egy, k\u00e9t berendez\u00e9si t\u00e1rgy. Ezek mell\u00e9 a r\u00e1calm\u00e1siak sz\u00e1mos felaj\u00e1nl\u00e1st tettek. \u00cdgy lett egy kerek eg\u00e9sz a ki\u00e1ll\u00edt\u00e1s.<\/p>\n<p>A trafikba val\u00f3 bejut\u00e1s a k\u00fari\u00e1n kereszt\u00fcl vezet. El\u0151zetes bejelentkez\u00e9s eset\u00e9n a koll\u00e9g\u00e1k kinyitj\u00e1k \u00e9s r\u00e9szletesen ismertetik a t\u00e1rlatot, de a nap huszonn\u00e9gy \u00f3r\u00e1j\u00e1ban b\u00e1rki bekukucsk\u00e1lhat. <a href=\"https:\/\/jankovichkuria.hu\/racalmasi-trafik-muzeum\/\">https:\/\/jankovichkuria.hu\/racalmasi-trafik-muzeum\/<\/a><\/p>\n<p>V\u00e1rosunk l\u00e1tnival\u00f3i k\u00f6z\u00fcl eml\u00edt\u00e9st \u00e9rdemel m\u00e9g az <strong>\u00d3falu<\/strong> sz\u00e1mos m\u0171eml\u00e9kb\u0151l \u00e1ll\u00f3 \u00e9p\u00edt\u00e9szeti \u00f6r\u00f6ks\u00e9ge, a szerb temet\u0151, a sok-sok k\u00f6zt\u00e9ri m\u0171alkot\u00e1s, amelyek sz\u00e1ma a Ra\u00e1b Ervin M\u0171v\u00e9szeti Alkot\u00f3t\u00e1bor r\u00e9v\u00e9n egyre gyarapszik, de egy s\u00e9ta sor\u00e1n mindenk\u00e9ppen \u00e9rdemes felkeresni a v\u00e1roska templomait, valamint megcsod\u00e1lni a Makovecz-s\u00edlus\u00fa v\u00e1rosh\u00e1z\u00e1t, eg\u00e9szs\u00e9gh\u00e1zat \u00e9s iskola\u00e9p\u00fcletet is.[\/vc_column_text][\/vc_column][\/vc_row]<\/p>\n","protected":false},"excerpt":{"rendered":"<p>[vc_row][vc_column][vc_empty_space][\/vc_column][\/vc_row][vc_row][vc_column][vc_custom_heading text=&#8221;Sights&#8221; font_container=&#8221;tag:h3|text_align:left&#8221;][\/vc_column][\/vc_row][vc_row][vc_column][vc_column_text] Als\u00f3n\u00e9medi\u00a0\u2013\u00a0Apaj\u00a0\u2013\u00a0\u00c1porka\u00a0\u2013\u00a0Bugyi\u00a0\u2013\u00a0D\u00e9legyh\u00e1za\u00a0\u2013\u00a0D\u00f6ms\u00f6d\u00a0\u2013\u00a0Dunaharaszti\u00a0\u2013\u00a0Dunavars\u00e1ny\u00a0\u2013\u00a0Hal\u00e1sztelek Kiskunlach\u00e1za\u00a0\u2013\u00a0Kulcs\u00a0\u2013\u00a0L\u00f3r\u00e9v\u00a0\u2013\u00a0Majosh\u00e1za\u00a0\u2013\u00a0Mak\u00e1d\u00a0\u2013\u00a0R\u00e1calm\u00e1s\u00a0\u2013\u00a0R\u00e1ckeve\u00a0\u2013\u00a0Szigetbecse\u00a0\u2013\u00a0Szigetcs\u00e9p Szigethalom\u00a0\u2013\u00a0Szigetszentm\u00e1rton\u00a0\u2013\u00a0Szigetszentmikl\u00f3s\u00a0\u2013\u00a0Sziget\u00fajfalu\u00a0\u2013\u00a0Taksony\u00a0\u2013\u00a0T\u00f6k\u00f6l [\/vc_column_text][\/vc_column][\/vc_row][vc_row][vc_column][vc_empty_space height=&#8221;62px&#8221;][\/vc_column][\/vc_row][vc_row][vc_column width=&#8221;2\/3&#8243;][vc_column_text] R\u00e1calm\u00e1s [\/vc_column_text][\/vc_column][vc_column width=&#8221;1\/3&#8243;][\/vc_column][\/vc_row][vc_row][vc_column][vc_column_text]\u00a0 Jankovich-K\u00faria: A fest\u0151i sz\u00e9ps\u00e9g\u0171 parkkal \u00f6vezett barokk \u00e9p\u00edt\u00e9szeti m\u0171eml\u00e9k, a Jankovich-k\u00faria a r\u00e9gi\u00f3 legszebb \u00e9p\u00fclet-egy\u00fcttese, amelyben \u00f6koturisztikai- \u00e9s rendezv\u00e9nyk\u00f6zpontot alak\u00edtott ki az \u00f6nkorm\u00e1nyzat. A\u00a0 XVIII. sz\u00e1zadban \u00e9p\u00fclt k\u00faria parkja a nap minden szak\u00e1ban nyitott. A f\u0151\u00e9p\u00fclet 7 term\u00e9vel, az \u00d6koturisztikai K\u00f6zpont 4 term\u00e9vel,<\/p>\n<a href=\"https:\/\/tourinformrackeve.hu\/en\/?page_id=1556\" class=\"sohohotel-more-link\">Read More<i class=\"fa fa-angle-right\"><\/i><\/a>","protected":false},"author":1,"featured_media":0,"parent":0,"menu_order":0,"comment_status":"closed","ping_status":"closed","template":"","meta":[],"_links":{"self":[{"href":"https:\/\/tourinformrackeve.hu\/en\/index.php?rest_route=\/wp\/v2\/pages\/1556"}],"collection":[{"href":"https:\/\/tourinformrackeve.hu\/en\/index.php?rest_route=\/wp\/v2\/pages"}],"about":[{"href":"https:\/\/tourinformrackeve.hu\/en\/index.php?rest_route=\/wp\/v2\/types\/page"}],"author":[{"embeddable":true,"href":"https:\/\/tourinformrackeve.hu\/en\/index.php?rest_route=\/wp\/v2\/users\/1"}],"replies":[{"embeddable":true,"href":"https:\/\/tourinformrackeve.hu\/en\/index.php?rest_route=%2Fwp%2Fv2%2Fcomments&post=1556"}],"version-history":[{"count":4,"href":"https:\/\/tourinformrackeve.hu\/en\/index.php?rest_route=\/wp\/v2\/pages\/1556\/revisions"}],"predecessor-version":[{"id":1882,"href":"https:\/\/tourinformrackeve.hu\/en\/index.php?rest_route=\/wp\/v2\/pages\/1556\/revisions\/1882"}],"wp:attachment":[{"href":"https:\/\/tourinformrackeve.hu\/en\/index.php?rest_route=%2Fwp%2Fv2%2Fmedia&parent=1556"}],"curies":[{"name":"wp","href":"https:\/\/api.w.org\/{rel}","templated":true}]}}