{"id":1565,"date":"2021-03-22T13:39:50","date_gmt":"2021-03-22T13:39:50","guid":{"rendered":"https:\/\/tourinformrackeve.hu\/?page_id=1565"},"modified":"2021-04-05T10:47:03","modified_gmt":"2021-04-05T10:47:03","slug":"latnivalok-szigethalom","status":"publish","type":"page","link":"https:\/\/tourinformrackeve.hu\/en\/?page_id=1565","title":{"rendered":"Sights-Szigethalom"},"content":{"rendered":"<p>[vc_row][vc_column][vc_empty_space][\/vc_column][\/vc_row][vc_row][vc_column][vc_custom_heading text=&#8221;Sights&#8221; font_container=&#8221;tag:h3|text_align:left&#8221;][\/vc_column][\/vc_row][vc_row][vc_column][vc_column_text]<\/p>\n<p style=\"text-align: center;\"><a href=\"https:\/\/tourinformrackeve.hu\/en\/?page_id=1518\">Als\u00f3n\u00e9medi<\/a>\u00a0\u2013\u00a0<a href=\"https:\/\/tourinformrackeve.hu\/en\/?page_id=1520\">Apaj\u00a0<\/a>\u2013\u00a0<a href=\"https:\/\/tourinformrackeve.hu\/en\/?page_id=1526\">\u00c1porka\u00a0<\/a>\u2013\u00a0<a href=\"https:\/\/tourinformrackeve.hu\/en\/?page_id=1529\">Bugyi<\/a>\u00a0\u2013\u00a0<a href=\"https:\/\/tourinformrackeve.hu\/en\/?page_id=1533\">D\u00e9legyh\u00e1za\u00a0<\/a>\u2013\u00a0<a href=\"https:\/\/tourinformrackeve.hu\/en\/?page_id=1535\">D\u00f6ms\u00f6d\u00a0<\/a>\u2013\u00a0<a href=\"https:\/\/tourinformrackeve.hu\/en\/?page_id=1537\">Dunaharaszti\u00a0<\/a>\u2013\u00a0<a href=\"https:\/\/tourinformrackeve.hu\/en\/?page_id=1540\">Dunavars\u00e1ny\u00a0<\/a>\u2013\u00a0<a href=\"https:\/\/tourinformrackeve.hu\/en\/?page_id=1542\">Hal\u00e1sztelek<\/a><br \/>\n<a href=\"https:\/\/tourinformrackeve.hu\/en\/?page_id=1544\">Kiskunlach\u00e1za\u00a0<\/a>\u2013\u00a0<a href=\"https:\/\/tourinformrackeve.hu\/en\/?page_id=1547\">Kulcs\u00a0<\/a>\u2013\u00a0<a href=\"https:\/\/tourinformrackeve.hu\/en\/?page_id=1549\">L\u00f3r\u00e9v<\/a>\u00a0\u2013\u00a0<a href=\"https:\/\/tourinformrackeve.hu\/en\/?page_id=1552\">Majosh\u00e1za<\/a>\u00a0\u2013\u00a0<a href=\"https:\/\/tourinformrackeve.hu\/en\/?page_id=1554\">Mak\u00e1d<\/a>\u00a0\u2013\u00a0<a href=\"https:\/\/tourinformrackeve.hu\/en\/?page_id=1556\">R\u00e1calm\u00e1s<\/a>\u00a0\u2013\u00a0<a href=\"https:\/\/tourinformrackeve.hu\/en\/?page_id=1558\">R\u00e1ckeve<\/a>\u00a0\u2013\u00a0<a href=\"https:\/\/tourinformrackeve.hu\/en\/?page_id=1560\">Szigetbecse<\/a>\u00a0\u2013\u00a0<a href=\"https:\/\/tourinformrackeve.hu\/en\/?page_id=1563\">Szigetcs\u00e9p<\/a><br \/>\n<a href=\"https:\/\/tourinformrackeve.hu\/en\/?page_id=1565\">Szigethalom<\/a>\u00a0\u2013\u00a0<a href=\"https:\/\/tourinformrackeve.hu\/en\/?page_id=1567\">Szigetszentm\u00e1rton<\/a>\u00a0\u2013\u00a0<a href=\"https:\/\/tourinformrackeve.hu\/en\/?page_id=1569\">Szigetszentmikl\u00f3s<\/a>\u00a0\u2013\u00a0<a href=\"https:\/\/tourinformrackeve.hu\/en\/?page_id=1571\">Sziget\u00fajfalu<\/a>\u00a0\u2013\u00a0<a href=\"https:\/\/tourinformrackeve.hu\/en\/?page_id=1573\">Taksony<\/a>\u00a0\u2013\u00a0<a href=\"https:\/\/tourinformrackeve.hu\/en\/?page_id=1575\">T\u00f6k\u00f6l<\/a><\/p>\n<p>[\/vc_column_text][\/vc_column][\/vc_row][vc_row][vc_column][vc_empty_space height=&#8221;62px&#8221;][\/vc_column][\/vc_row][vc_row][vc_column width=&#8221;2\/3&#8243;][vc_column_text]<\/p>\n<h3><span style=\"color: #d0103a;\">Szigethalom<\/span><\/h3>\n<p>[\/vc_column_text][\/vc_column][vc_column width=&#8221;1\/3&#8243;][\/vc_column][\/vc_row][vc_row][vc_column][vc_column_text]<strong><em><span style=\"color: #e40040;\">1848-49es forradalom \u00e9s szabads\u00e1gharc eml\u00e9km\u0171ve<\/span><\/em><\/strong><br \/>\n2315 Szigethalom, D\u00edszt\u00e9r<br \/>\n1998-ban a szabads\u00e1gharc 150. \u00e9vfordul\u00f3j\u00e1ra \u00e1ll\u00edttatta Szigethalom V\u00e1ros \u00d6nkorm\u00e1nyzata. A D\u00edsz t\u00e9ren tal\u00e1lhat\u00f3 az eredeti, a 100 \u00e9ves \u00e9vfordul\u00f3ra fel\u00e1ll\u00edtott eml\u00e9km\u0171 h\u0171 m\u00e1solata, melyet D\u00e1vid Tam\u00e1s \u00e9s D\u00e1vid L\u00e1szl\u00f3 k\u00e9sz\u00edtett.<\/p>\n<p><strong><em><span style=\"color: #e40040;\">Eur\u00f3pa M\u00e9rf\u00f6ldk\u0151<\/span><\/em><\/strong><br \/>\n2315 Szigethalom, D\u00edsz t\u00e9r<br \/>\nA 2004. m\u00e1jus 1jei csatlakoz\u00e1s alkalm\u00e1b\u00f3l adt\u00e1k \u00e1t a D\u00edsz t\u00e9ren. Az akkori Eur\u00f3pai Unios f\u0151v\u00e1rosok \u00e9s Szigethalom k\u00f6z\u00f6tti t\u00e1vols\u00e1got jel\u00f6li.<\/p>\n<p><strong><em><span style=\"color: #e40040;\">B\u00e1rka-szobor<\/span><\/em><\/strong><br \/>\n2315 Szigethalom, R\u00e1k\u00f3czi \u00fat 147<br \/>\nB\u00e1rka Tam\u00e1s alkot\u00e1sa, k\u0151b\u0151l faragott eml\u00e9km\u0171, amelyet 2005.-ben adtak \u00e1t. Az univerzumot, az \u00f6lel\u0151 kezet, a gondoskod\u00e1st jelk\u00e9pezi.<\/p>\n<p><strong><em><span style=\"color: #e40040;\">Szent Istv\u00e1n-szobor<\/span><\/em><\/strong><br \/>\n2315 Szigethalom, Szabadkai utca 70.<br \/>\n2000 augusztus\u00e1ban avatt\u00e1k fel M\u00e1t\u00e9 Istv\u00e1n alkot\u00e1s\u00e1t. Az \u00e1llamalap\u00edt\u00f3 kir\u00e1ly alakja teljes kir\u00e1lyi orn\u00e1tusban jelenik meg, fej\u00e9n koron\u00e1val, kez\u00e9ben jogarral \u00e9s az orsz\u00e1galm\u00e1val.<\/p>\n<p><strong><em><span style=\"color: #e40040;\">Szigethalom V\u00e1ros Helyt\u00f6rt\u00e9neti Gy\u0171jtem\u00e9ny<\/span><\/em><\/strong><br \/>\n2007 m\u00e1jus\u00e1ban ker\u00fclt \u00e1tad\u00e1sra v\u00e1rosunk Helyt\u00f6rt\u00e9neti Gy\u0171jtem\u00e9nye a Fiumei utca 48 sz. alatti haszn\u00e1laton k\u00edv\u00fcl \u00e1ll\u00f3 lak\u00f3h\u00e1zban. Az ingatlant a V\u00e1gola csal\u00e1d lesz\u00e1rmazottai aj\u00e1nlott\u00e1k fel a Szigethalom \u00d6nkorm\u00e1nyzat r\u00e9sz\u00e9re. A V\u00e1gola csal\u00e1d az 1910- s \u00e9vekt\u0151l \u00e9lt itt, gondozta a ter\u00fcletet, \u00e9s gazd\u00e1lkodott. A csal\u00e1d t\u00f6bb gener\u00e1ci\u00f3n kereszt\u00fcl meg\u0151rizte \u00e9s gy\u0171jt\u00f6tte, kultur\u00e1lis \u00f6r\u00f6ks\u00e9g\u00fcnk t\u00e1rgyi eml\u00e9keit. Ezen eszk\u00f6z\u00f6k, t\u00e1rgyak k\u00e9pezt\u00e9k a gy\u0171jtem\u00e9ny alapjait, melyet sz\u00e9lesk\u00f6r\u0171 gy\u0171jt\u0151munka k\u00f6vetett. A gy\u0171jt\u00e9s sor\u00e1n v\u00e1rosunk lakosainak adakoz\u00e1s\u00e1val jelent\u0151sen b\u0151v\u00fclt a gy\u0171jtem\u00e9ny. Rengeteg csal\u00e1di programmal v\u00e1runk kicsiket \u00e9s nagyokat.<br \/>\n<strong>Nyitva tart\u00e1s:<\/strong><br \/>\nKedd: 13:00-16:00<br \/>\nP\u00e9ntek: 13:00-17:00<br \/>\nA nyitva tart\u00e1son k\u00edv\u00fcl ig\u00e9ny szerint telefonos egyeztet\u00e9s sz\u00fcks\u00e9ges<br \/>\n<strong>El\u00e9rhet\u0151s\u00e9g:<\/strong><br \/>\n2315 Szigethalom, Fiumei u. 48.<br \/>\nTelefon: 06-70\/380-7681<br \/>\nE-mail:\u00a0<a href=\"mailto:helytorteneti.gyujtemeny@vszk.eu\">helytorteneti.gyujtemeny@vszk.eu<\/a><br \/>\nweb:\u00a0<a href=\"http:\/\/www.vszk.eu\/muzeum\/folap.html\" target=\"_blank\" rel=\"noopener\">www.vszk.eu\/muzeum\/folap.html<\/a><\/p>\n<p><strong><em><span style=\"color: #e40040;\">R\u00f3mai Katolikus templom \u0096 J\u00e9zus Sz\u00edve Templom<\/span><\/em><\/strong><br \/>\nA templom 1933-ban \u00e9p\u00fclt a J\u00f3zsef Attila utca \u00e9s a Kossuth Lajos utca sark\u00e1n. Historia Domus anyak\u00f6nyvek 1949-t\u0151l.<br \/>\n<strong>El\u00e9rhet\u0151s\u00e9g:<\/strong><br \/>\n2315 Szigethalom, J\u00f3zsef Attila u. 50.<br \/>\nTelefon: +36-24\/407-008<\/p>\n<p><strong><em><span style=\"color: #e40040;\">Reform\u00e1tus templom \u0096 Gy\u00fclekezeti H\u00e1z<\/span><\/em><\/strong><br \/>\nA Gy\u00fclekezeti H\u00e1zban csak \u00fcnnepi alkalmakon vannak, amikor a templomban nem f\u00e9rnek el.<br \/>\nKisebb esk\u00fcv\u0151k lebonyol\u00edt\u00e1s\u00e1ra egyar\u00e1nt alkalmas a mellette \u00e1ll\u00f3 templom is.<br \/>\n<strong>El\u00e9rhet\u0151s\u00e9g:<\/strong><br \/>\n2315 Szigethalom, Kossuth Lajos u. 21.<br \/>\nTelefon: +36-24\/952-165<br \/>\nE-mail:\u00a0<a href=\"mailto:szigethalom.ref@gmail.com\">szigethalom.ref@gmail.com<\/a><br \/>\nweb:\u00a0<a href=\"http:\/\/www.szre.gportal.hu\/\" target=\"_blank\" rel=\"noopener\">www.szre.gportal.hu<\/a><\/p>\n<p><strong><em><span style=\"color: #e40040;\">EMESE Park<\/span><\/em><\/strong><br \/>\nA R\u00e1k\u00f3czi utca mellett elter\u00fcl\u0151 11 hekt\u00e1ros ter\u00fcleten kezdett fel\u00e9p\u00edteni egy XI. sz\u00e1zadi telep\u00fcl\u00e9st az \u0150skult\u00fara Alap\u00edtv\u00e1ny. A m\u00fazeum jellegzetess\u00e9ge, hogy minden \u00e9l\u0151ben, m\u0171k\u00f6d\u00e9s k\u00f6zben tekinthet\u0151 meg, \u00e9s pr\u00f3b\u00e1lhat\u00f3 ki. A K\u00e1rp\u00e1t-medencei magyars\u00e1g \u00e9s a k\u00f6rnyez\u0151 n\u00e9pek korabeli \u00e9p\u00fcleteib\u0151l, telep\u00fcl\u00e9skonstrukci\u00f3ib\u00f3l, \u00e9letm\u00f3d bemutat\u00f3ib\u00f3l \u00e1ll a m\u00fazeumfalu.<br \/>\nItt rendezik meg minden \u00e9vben a Nemzetk\u00f6zi Vikingfesztiv\u00e1lt. Ilyenkor bemutat\u00e1sra ker\u00fclnek a korabeli k\u00e9zm\u0171ves mesters\u00e9gek (kov\u00e1cs, nemezes, fafarag\u00f3, \u00f6tv\u00f6s, szalagsz\u00f6v\u0151, fazekas, \u00edjk\u00e9sz\u00edt\u0151, vessz\u0151fon\u00f3). Megk\u00f3stolhatjuk a X. sz\u00e1zadi magyar \u00e9teleket (kemenc\u00e9ben s\u00fclt lep\u00e9ny, k\u00f6lesganca, birka \u00fcst\u00f6ny). K\u00f6z\u00e9pkori j\u00e1t\u00e9kok \u00e9s \u00fcgyess\u00e9gi feladatokat pr\u00f3b\u00e1lhatunk ki, \u00edj\u00e1szkodhatunk, kopj\u00e1t haj\u00edthatunk. Bemutat\u00e1sra ker\u00fcl az \u00e9l\u0151 m\u00fazeumfalu (a korabeli j\u00f3sz\u00e1gok, a gy\u00f3gyn\u00f6v\u00e9nykert, a veremh\u00e1z, a jurt\u00e1k, a viking s\u00e1trak\u0085). Tan\u00fai lehet\u00fcnk egy \u00edj\u00e1sz viadalnak \u00e9s a X.-XI. sz\u00e1zadi magyarok \u00e9s viking harcosok csatajelenet\u00e9nek. S szint\u00e9n hagyom\u00e1nya van a v\u00e9rfocinak, melyet mez\u00edtl\u00e1b, meztelen fels\u0151testtel, egyedi szab\u00e1lyok szerint j\u00e1tszanak a j\u00e1t\u00e9kosok. V\u00e9g\u00fcl, de nem utols\u00f3 sorban haj\u00f3zhatunk egyet egy igazi viking haj\u00f3ban is.<br \/>\n2010-ben ker\u00fclt \u00e1tad\u00e1sra az egyik legnagyobb beruh\u00e1z\u00e1s a Szent Istv\u00e1n Korabeli Lovagi Csarnok.<br \/>\n<strong>Nyitva tart\u00e1s:<\/strong><br \/>\nH\u00e9tf\u0151: Z\u00e1rva<br \/>\nKedd-Vas\u00e1rnapig: 10:00-16:00<br \/>\nBel\u00e9ptet\u00e9s \u00e9s programindul\u00e1s 10:00; 12:00; 14:00; 16:00 \u00f3rakor<br \/>\n<strong>El\u00e9rhet\u0151s\u00e9g:<\/strong><br \/>\n2315 Szigethalom, R\u00e1k\u00f3czi utca 147.<br \/>\nTelefon: +36-30\/961-0212<br \/>\nE-mail:\u00a0<a href=\"mailto:info@emesepark.hu\">info@emesepark.hu<\/a><br \/>\nweb:\u00a0<a href=\"http:\/\/www.emesepark.hu\/\" target=\"_blank\" rel=\"noopener\">www.emesepark.hu<\/a><\/p>\n<p><strong><em><span style=\"color: #e40040;\">Szigethalmi Vadaspark \u00e9s \u00c1llatsimogat\u00f3 \u0096 Vadment\u0151 k\u00f6zpont<\/span><\/em><\/strong><br \/>\nA Csepel-sziget egyetlen \u00e1llatparkja 2014. augusztus\u00e1ban Szigethalmon nyitotta meg kapuit.<br \/>\nKellemes k\u00f6rnyezetben \u00e1llatsimogat\u00f3val, \u00e1llatetet\u00e9ssel, p\u00f3nilovagl\u00e1si-, \u00e9s piknikez\u00e9si lehet\u0151s\u00e9ggel, j\u00e1tsz\u00f3t\u00e9rrel v\u00e1rja l\u00e1togat\u00f3it.<br \/>\nMagyarorsz\u00e1g legkisebb szem\u00e9lysz\u00e1ll\u00edt\u00e1sra alkalmas kisvas\u00fatj\u00e1t is kipr\u00f3b\u00e1lhatj\u00e1k a vend\u00e9gek k\u00fcl\u00f6n d\u00edj ellen\u00e9ben. A vonats\u00edn rendes vas\u00fati s\u00ednb\u0151l k\u00e9sz\u00fclt, ennek t\u00e9nye, illetve a kisvas\u00fat m\u00e9retei miatt haz\u00e1nkban egyed\u00fcl\u00e1ll\u00f3 l\u00e1tv\u00e1nyoss\u00e1g, \u00e9s \u00e9lm\u00e9ny!<br \/>\n<strong>Nyitva tart\u00e1s:<\/strong><br \/>\nH\u00e9tf\u0151: Z\u00e1rva,<br \/>\nKedd-Vas\u00e1rnap: 10:00-17:00<br \/>\n(A parkot 17:00-ig el kell hagyni, k\u00f6sz\u00f6nj\u00fck sz\u00e9pen!)<br \/>\n<strong>El\u00e9rhet\u0151s\u00e9g:<\/strong><br \/>\n2315 Szigethalom, R\u00e1k\u00f3czi utca 159.<br \/>\nTelefon:+36-70\/234-9499<br \/>\nE-mail:\u00a0<a href=\"mailto:szigethalmivadaspark@gmail.hu\">szigethalmivadaspark@gmail.hu<\/a><br \/>\nweb:\u00a0<a href=\"http:\/\/www.szigethalmivadaspark.hu\/\" target=\"_blank\" rel=\"noopener\">www.szigethalmivadaspark.hu<\/a><\/p>\n<p><strong><em><span style=\"color: #e40040;\">Ifj\u00fas\u00e1gi \u00c9lm\u00e9ny T\u00e1bor<\/span><\/em><\/strong><br \/>\nA 15 000 m2-en fekv\u0151 erd\u0151s k\u00f6rnyezetben kialak\u00edtott t\u00e1borunkba egyszerre 100 f\u0151t tudunk elsz\u00e1ll\u00e1solni. Minden h\u00e1zban kialak\u00edt\u00e1sra ker\u00fclt n\u0151i, f\u00e9rfi zuhanyz\u00f3, mosd\u00f3 \u00e9s egy minikonyha. A t\u00e1borba rendezv\u00e9ny s\u00e1torral (100 m2-es Jurta), bogr\u00e1csoz\u00e1si lehet\u0151s\u00e9ggel, j\u00e1tsz\u00f3t\u00e9rrel, a Vadaspark \u00e9s az Emese Park szomsz\u00e9ds\u00e1g\u00e1ban v\u00e1rj\u00e1k az ide\u00e9rkez\u0151ket.<br \/>\n<strong>El\u00e9rhet\u0151s\u00e9g:<\/strong><br \/>\n2315 Szigethalom, R\u00e1k\u00f3czi utca 159.<br \/>\nTelefon:+36-70\/372-8403<br \/>\nE-mail:\u00a0<a href=\"mailto:info@elmenyhalomtabor.hu\">info@elmenyhalomtabor.hu<\/a><br \/>\nweb:\u00a0<a href=\"http:\/\/www.elmenyhalomtabor.hu\/\" target=\"_blank\" rel=\"noopener\">www.elmenyhalomtabor.hu<\/a><\/p>\n<p><strong><em><span style=\"color: #e40040;\">Feh\u00e9r G\u00e9m \u00dcd\u00fcl\u0151<\/span><\/em><\/strong><br \/>\nGy\u00f6ny\u00f6r\u0171 k\u00f6rnyezetben, Budapestt\u0151l 11-km-re, a R\u00e1ckevei Duna-\u00e1gban, turista kateg\u00f3ri\u00e1j\u00fa fah\u00e1zakban, k\u00f6zvetlen a Duna mellett sz\u00e1ll\u00e1st \u00e9s szabadt\u00e9ri rendezv\u00e9nyhelysz\u00ednt biztos\u00edtunk vend\u00e9geinknek. Az \u00fcd\u00fcl\u0151 alkalmas evez\u0151s t\u00fara csoportok fogad\u00e1s\u00e1ra, t\u00e1borok, csapat\u00e9p\u00edt\u0151 tr\u00e9ningek, grillez\u0151s, bogr\u00e1csoz\u00f3s csal\u00e1di \u00e9s bar\u00e1ti rendezv\u00e9nyek lebonyol\u00edt\u00e1s\u00e1ra. Szabadid\u0151s programlehet\u0151s\u00e9gek: bogr\u00e1csoz\u00e1s, ping-pong, tollas, t\u00e1rsasj\u00e1t\u00e9kok, stb. Egy\u00e9b szolg\u00e1ltat\u00e1sok t\u00e9r\u00edt\u00e9si d\u00edj ellen\u00e9ben: ker\u00e9kp\u00e1rb\u00e9rl\u00e9s, k\u00e9zm\u0171ves foglalkoz\u00e1s, kajak \u00e9s kenu b\u00e9rl\u00e9s.<br \/>\n<strong>El\u00e9rhet\u0151s\u00e9g:<\/strong><br \/>\nSzigethalom, Dunasziget utca 103.<br \/>\nTelefon: 70\/372-8403<br \/>\nE-mail:\u00a0<a href=\"mailto:titkarsag@vszk.eu\">titkarsag@vszk.eu<\/a><br \/>\nweb:\u00a0<a href=\"http:\/\/www.fehergemudulo.hu\/\" target=\"_blank\" rel=\"noopener\">www.fehergemudulo.hu<\/a><\/p>\n<p><strong><em><span style=\"color: #e40040;\">K\u00f6z\u00f6ss\u00e9gi Pont<\/span><\/em><\/strong><br \/>\nSzigethalom V\u00e1ros \u00d6nkorm\u00e1nyzata k\u00f6z\u00f6ss\u00e9gi st\u00e9get \u00e9p\u00edtett a Kis-Duna partj\u00e1n. A K\u00f6z\u00f6ss\u00e9gi Ponttal lehet\u0151s\u00e9g ny\u00edlik arra, hogy a lakoss\u00e1g, illetve a telep\u00fcl\u00e9s\u00fcnkre l\u00e1togat\u00f3k a st\u00e9gen \u00e9lvezhess\u00e9k a v\u00edzpart sz\u00e9ps\u00e9g\u00e9t. Akik kedvet \u00e9reznek, s\u00fctk\u00e9rezhetnek, kikapcsol\u00f3dhatnak.<br \/>\n<strong>El\u00e9rhet\u0151s\u00e9g:<\/strong><br \/>\n2315 Szigethalom, V. utca 1. (Mi Kis B\u00fcf\u00e9nkkel szemben)[\/vc_column_text][\/vc_column][\/vc_row]<\/p>\n","protected":false},"excerpt":{"rendered":"<p>[vc_row][vc_column][vc_empty_space][\/vc_column][\/vc_row][vc_row][vc_column][vc_custom_heading text=&#8221;Sights&#8221; font_container=&#8221;tag:h3|text_align:left&#8221;][\/vc_column][\/vc_row][vc_row][vc_column][vc_column_text] Als\u00f3n\u00e9medi\u00a0\u2013\u00a0Apaj\u00a0\u2013\u00a0\u00c1porka\u00a0\u2013\u00a0Bugyi\u00a0\u2013\u00a0D\u00e9legyh\u00e1za\u00a0\u2013\u00a0D\u00f6ms\u00f6d\u00a0\u2013\u00a0Dunaharaszti\u00a0\u2013\u00a0Dunavars\u00e1ny\u00a0\u2013\u00a0Hal\u00e1sztelek Kiskunlach\u00e1za\u00a0\u2013\u00a0Kulcs\u00a0\u2013\u00a0L\u00f3r\u00e9v\u00a0\u2013\u00a0Majosh\u00e1za\u00a0\u2013\u00a0Mak\u00e1d\u00a0\u2013\u00a0R\u00e1calm\u00e1s\u00a0\u2013\u00a0R\u00e1ckeve\u00a0\u2013\u00a0Szigetbecse\u00a0\u2013\u00a0Szigetcs\u00e9p Szigethalom\u00a0\u2013\u00a0Szigetszentm\u00e1rton\u00a0\u2013\u00a0Szigetszentmikl\u00f3s\u00a0\u2013\u00a0Sziget\u00fajfalu\u00a0\u2013\u00a0Taksony\u00a0\u2013\u00a0T\u00f6k\u00f6l [\/vc_column_text][\/vc_column][\/vc_row][vc_row][vc_column][vc_empty_space height=&#8221;62px&#8221;][\/vc_column][\/vc_row][vc_row][vc_column width=&#8221;2\/3&#8243;][vc_column_text] Szigethalom [\/vc_column_text][\/vc_column][vc_column width=&#8221;1\/3&#8243;][\/vc_column][\/vc_row][vc_row][vc_column][vc_column_text]1848-49es forradalom \u00e9s szabads\u00e1gharc eml\u00e9km\u0171ve 2315 Szigethalom, D\u00edszt\u00e9r 1998-ban a szabads\u00e1gharc 150. \u00e9vfordul\u00f3j\u00e1ra \u00e1ll\u00edttatta Szigethalom V\u00e1ros \u00d6nkorm\u00e1nyzata. A D\u00edsz t\u00e9ren tal\u00e1lhat\u00f3 az eredeti, a 100 \u00e9ves \u00e9vfordul\u00f3ra fel\u00e1ll\u00edtott eml\u00e9km\u0171 h\u0171 m\u00e1solata, melyet D\u00e1vid Tam\u00e1s \u00e9s D\u00e1vid L\u00e1szl\u00f3 k\u00e9sz\u00edtett. Eur\u00f3pa M\u00e9rf\u00f6ldk\u0151 2315 Szigethalom, D\u00edsz t\u00e9r<\/p>\n<a href=\"https:\/\/tourinformrackeve.hu\/en\/?page_id=1565\" class=\"sohohotel-more-link\">Read More<i class=\"fa fa-angle-right\"><\/i><\/a>","protected":false},"author":1,"featured_media":0,"parent":0,"menu_order":0,"comment_status":"closed","ping_status":"closed","template":"","meta":[],"_links":{"self":[{"href":"https:\/\/tourinformrackeve.hu\/en\/index.php?rest_route=\/wp\/v2\/pages\/1565"}],"collection":[{"href":"https:\/\/tourinformrackeve.hu\/en\/index.php?rest_route=\/wp\/v2\/pages"}],"about":[{"href":"https:\/\/tourinformrackeve.hu\/en\/index.php?rest_route=\/wp\/v2\/types\/page"}],"author":[{"embeddable":true,"href":"https:\/\/tourinformrackeve.hu\/en\/index.php?rest_route=\/wp\/v2\/users\/1"}],"replies":[{"embeddable":true,"href":"https:\/\/tourinformrackeve.hu\/en\/index.php?rest_route=%2Fwp%2Fv2%2Fcomments&post=1565"}],"version-history":[{"count":3,"href":"https:\/\/tourinformrackeve.hu\/en\/index.php?rest_route=\/wp\/v2\/pages\/1565\/revisions"}],"predecessor-version":[{"id":1887,"href":"https:\/\/tourinformrackeve.hu\/en\/index.php?rest_route=\/wp\/v2\/pages\/1565\/revisions\/1887"}],"wp:attachment":[{"href":"https:\/\/tourinformrackeve.hu\/en\/index.php?rest_route=%2Fwp%2Fv2%2Fmedia&parent=1565"}],"curies":[{"name":"wp","href":"https:\/\/api.w.org\/{rel}","templated":true}]}}